{"id":4439,"date":"2021-05-24T11:21:54","date_gmt":"2021-05-24T11:21:54","guid":{"rendered":"https:\/\/knioch5.devdesign.pl\/?page_id=4439"},"modified":"2023-10-11T12:31:53","modified_gmt":"2023-10-11T12:31:53","slug":"aktualnosci","status":"publish","type":"page","link":"https:\/\/knioch.pl\/de\/firma\/aktualnosci\/","title":{"rendered":"News"},"content":{"rendered":"<p><div class=\"fusion-fullwidth fullwidth-box fusion-builder-row-1 fusion-flex-container nonhundred-percent-fullwidth non-hundred-percent-height-scrolling\" style=\"background-color: rgba(255,255,255,0);background-position: center center;background-repeat: no-repeat;border-width: 0px 0px 0px 0px;border-color:rgba(0,0,0,0.08);border-style:solid;\" ><div class=\"fusion-builder-row fusion-row fusion-flex-align-items-flex-start\" style=\"max-width:1372.8px;margin-left: calc(-4% \/ 2 );margin-right: calc(-4% \/ 2 );\"><div class=\"fusion-layout-column fusion_builder_column fusion-builder-column-0 fusion_builder_column_1_1 1_1 fusion-flex-column\"><div class=\"fusion-column-wrapper fusion-flex-justify-content-flex-start fusion-content-layout-column\" style=\"background-position:left top;background-repeat:no-repeat;-webkit-background-size:cover;-moz-background-size:cover;-o-background-size:cover;background-size:cover;padding: 0px 0px 0px 0px;\">\n<div class=\"fusion-slider-revolution rev_slider_wrapper\">\t\t\t<!-- START AKTUALNO\u015aCI REVOLUTION SLIDER 6.6.8 --><p class=\"rs-p-wp-fix\"><\/p>\n\t\t\t<rs-module-wrap id=\"rev_slider_5_1_wrapper\" data-source=\"gallery\" style=\"visibility:hidden;background:transparent;padding:0;margin:0px auto;margin-top:0;margin-bottom:0;\">\n\t\t\t\t<rs-module id=\"rev_slider_5_1\" style=\"\" data-version=\"6.6.8\">\n\t\t\t\t\t<rs-slides style=\"overflow: hidden; position: absolute;\">\n\t\t\t\t\t\t<rs-slide style=\"position: absolute;\" data-key=\"rs-5\" data-title=\"Slide\" data-anim=\"adpr:false;\" data-in=\"o:0;\" data-out=\"a:false;\">\n\t\t\t\t\t\t\t<img decoding=\"async\" src=\"\/\/knioch.pl\/wp-content\/plugins\/revslider\/public\/assets\/assets\/dummy.png\" alt=\"\" title=\"knioch_compress_1.jpeg\" width=\"1920\" height=\"1080\" class=\"rev-slidebg tp-rs-img rs-lazyload\" data-lazyload=\"\/\/knioch.pl\/wp-content\/uploads\/revslider\/video-media\/knioch_compress_1.jpeg\" data-parallax=\"off\" data-no-retina>\n\t\t\t\t\t\t\t<rs-bgvideo \n\t\t\t\t\t\t\t\tdata-video=\"w:100%;h:100%;sta:00:35;nse:false;rwd:false;l:true;ptimer:false;vfc:true;\"\n\t\t\t\t\t\t\t\tdata-mp4=\"\/\/knioch.pl\/wp-content\/uploads\/2023\/02\/Nowy-projekt2.mp4\"\n\t\t\t\t\t\t\t><\/rs-bgvideo>\n<!--\n\t\t\t\t\t\t\t--><rs-layer\n\t\t\t\t\t\t\t\tid=\"slider-5-slide-5-layer-0\" \n\t\t\t\t\t\t\t\tdata-type=\"text\"\n\t\t\t\t\t\t\t\tdata-tsh=\"h:2px,2px,2px,0px;v:2px,2px,2px,0px;b:2px,2px,2px,0px;\"\n\t\t\t\t\t\t\t\tdata-rsp_ch=\"on\"\n\t\t\t\t\t\t\t\tdata-xy=\"x:c;y:m;\"\n\t\t\t\t\t\t\t\tdata-text=\"w:normal;s:60,60,60,42;l:25,25,25,9;fw:300;a:center;\"\n\t\t\t\t\t\t\t\tdata-border=\"bos:solid;bow:0,0,2px,0;\"\n\t\t\t\t\t\t\t\tdata-frame_999=\"o:0;st:w;\"\n\t\t\t\t\t\t\t\tstyle=\"z-index:8;font-family:'Lato';text-transform:uppercase;\"\n\t\t\t\t\t\t\t>News \n\t\t\t\t\t\t\t<\/rs-layer><!--\n-->\t\t\t\t\t\t<\/rs-slide>\n\t\t\t\t\t<\/rs-slides>\n\t\t\t\t<\/rs-module>\n\t\t\t\t<script>\n\t\t\t\t\tsetREVStartSize({c: 'rev_slider_5_1',rl:[1240,1240,1240,480],el:[420,420,420,320],gw:[1240,1240,1240,480],gh:[420,420,420,320],type:'standard',justify:'',layout:'fullwidth',mh:\"0\"});if (window.RS_MODULES!==undefined && window.RS_MODULES.modules!==undefined && window.RS_MODULES.modules[\"revslider51\"]!==undefined) {window.RS_MODULES.modules[\"revslider51\"].once = false;window.revapi5 = undefined;if (window.RS_MODULES.checkMinimal!==undefined) window.RS_MODULES.checkMinimal()}\n\t\t\t\t<\/script>\n\t\t\t<\/rs-module-wrap>\n\t\t\t<!-- END REVOLUTION SLIDER -->\n<\/div><\/div><style type=\"text\/css\">.fusion-body .fusion-builder-column-0{width:100% !important;margin-top : 20px;margin-bottom : 20px;}.fusion-builder-column-0 > .fusion-column-wrapper {padding-top : 0px !important;padding-right : 0px !important;margin-right : 1.92%;padding-bottom : 0px !important;padding-left : 0px !important;margin-left : 1.92%;}@media only screen and (max-width:1024px) {.fusion-body .fusion-builder-column-0{width:100% !important;order : 0;}.fusion-builder-column-0 > .fusion-column-wrapper {margin-right : 1.92%;margin-left : 1.92%;}}@media only screen and (max-width:640px) {.fusion-body .fusion-builder-column-0{width:100% !important;order : 0;}.fusion-builder-column-0 > .fusion-column-wrapper {margin-right : 1.92%;margin-left : 1.92%;}}<\/style><\/div><\/div><style type=\"text\/css\">.fusion-body .fusion-flex-container.fusion-builder-row-1{ padding-top : 0px;margin-top : -22px;padding-right : 0px;padding-bottom : 0px;margin-bottom : 0;padding-left : 0px;}<\/style><\/div><div class=\"fusion-fullwidth fullwidth-box fusion-builder-row-2 fusion-flex-container nonhundred-percent-fullwidth non-hundred-percent-height-scrolling\" style=\"background-color: rgba(255,255,255,0);background-position: center center;background-repeat: no-repeat;border-width: 0px 0px 0px 0px;border-color:rgba(0,0,0,0.08);border-style:solid;\" ><div class=\"fusion-builder-row fusion-row fusion-flex-align-items-flex-start\" style=\"max-width:1372.8px;margin-left: calc(-4% \/ 2 );margin-right: calc(-4% \/ 2 );\"><div class=\"fusion-layout-column fusion_builder_column fusion-builder-column-1 fusion_builder_column_1_1 1_1 fusion-flex-column\"><div class=\"fusion-column-wrapper fusion-flex-justify-content-flex-start fusion-content-layout-column\" style=\"background-position:left top;background-repeat:no-repeat;-webkit-background-size:cover;-moz-background-size:cover;-o-background-size:cover;background-size:cover;padding: 0px 0px 0px 0px;\"><div class=\"fusion-blog-shortcode fusion-blog-shortcode-1 fusion-blog-archive fusion-blog-layout-medium-alternate fusion-blog-infinite\"><div class=\"fusion-posts-container fusion-posts-container-infinite fusion-no-meta-info fusion-blog-rollover\" data-pages=\"3\"><article id=\"blog-1-post-6552\" class=\"fusion-post-medium-alternate post-6552 post type-post status-publish format-standard has-post-thumbnail hentry category-aktualnosci\">\n<div class=\"fusion-date-and-formats\"><div class=\"fusion-date-box updated\"><span class=\"fusion-date\">3<\/span><span class=\"fusion-month-year\">04, 2026<\/span><\/div><div class=\"fusion-format-box\"><i class=\"fusion-icon-pen\" aria-hidden=\"true\"><\/i><\/div><\/div>\t<style type=\"text\/css\">\n\t\t\n\t\t\n\t\t\n\t\t\n\t\t\t<\/style>\n\n\n\t\t\t<div class=\"fusion-flexslider flexslider fusion-flexslider-loading fusion-post-slideshow\" style=\"\">\n\t\t<ul class=\"slides\">\n\t\t\t\n\t\t\t\t\t\t\t\t\t\t\t\t\t\t<li>\n\n<div  class=\"fusion-image-wrapper fusion-image-size-fixed\" aria-haspopup=\"true\">\n\t\n\t\n\t\n\t\t\n\t\t\t\t\t<img decoding=\"async\" width=\"320\" height=\"202\" src=\"data:image\/svg+xml,%3Csvg%20xmlns%3D%27http%3A%2F%2Fwww.w3.org%2F2000%2Fsvg%27%20width%3D%27574%27%20height%3D%27803%27%20viewBox%3D%270%200%20574%20803%27%3E%3Crect%20width%3D%27574%27%20height%3D%27803%27%20fill-opacity%3D%220%22%2F%3E%3C%2Fsvg%3E\" class=\"attachment-blog-medium size-blog-medium lazyload wp-post-image\" alt=\"\" data-orig-src=\"https:\/\/knioch.pl\/wp-content\/uploads\/2026\/04\/Bez-tytulu-320x202.jpg\" \/>\n\t\n\n\t\t<div class=\"fusion-rollover\">\n\t<div class=\"fusion-rollover-content\">\n\n\t\t\t\t\n\t\t\n\t\t\t\t\t\t\t\t\n\t\t\t\t\t\t\t\t\n\t\t\n\t\t\t\t\t\t<a class=\"fusion-link-wrapper\" href=\"https:\/\/knioch.pl\/de\/aktualnosci\/radosnych-swiat\/\" aria-label=\"Radosnych \u015awi\u0105t &#x1f423;\"><\/a>\n\t<\/div>\n<\/div>\n\n\t\n<\/div>\n<\/li>\n\t\t\t\n\t\t\t\n\t\t\t\t\t\t\t\t\t\t\t\t\t\t\t\t\t\t\t\t\t\t\t\t\t\t\t\t\t\t\t\t\t\t\t\t\t\t\t\t\t\t\t\t\t\t\t\t\t\t\t\t\t\t\t\t\t\t\t\t\t\t\t\t\t\t\t\t<\/ul>\n\t<\/div>\n\t<div class=\"fusion-post-content post-content\"><h2 class=\"blog-shortcode-post-title entry-title\"><a href=\"https:\/\/knioch.pl\/de\/aktualnosci\/radosnych-swiat\/\">Radosnych \u015awi\u0105t &#x1f423;<\/a><\/h2><div class=\"fusion-post-content-container\"><p>Z okazji \u015awi\u0105t Wielkanocnych \u017cyczymy spokoju, rado\u015bci oraz czasu sp\u0119dzonego w gronie najbli\u017cszych. Niech ten wyj\u0105tkowy ...<\/p><\/div><\/div><div class=\"fusion-clearfix\"><\/div><\/article>\n<article id=\"blog-1-post-6548\" class=\"fusion-post-medium-alternate post-6548 post type-post status-publish format-standard has-post-thumbnail hentry category-aktualnosci\">\n<div class=\"fusion-date-and-formats\"><div class=\"fusion-date-box updated\"><span class=\"fusion-date\">24<\/span><span class=\"fusion-month-year\">12, 2025<\/span><\/div><div class=\"fusion-format-box\"><i class=\"fusion-icon-pen\" aria-hidden=\"true\"><\/i><\/div><\/div>\t<style type=\"text\/css\">\n\t\t\n\t\t\n\t\t\n\t\t\n\t\t\t<\/style>\n\n\n\t\t\t<div class=\"fusion-flexslider flexslider fusion-flexslider-loading fusion-post-slideshow\" style=\"\">\n\t\t<ul class=\"slides\">\n\t\t\t\n\t\t\t\t\t\t\t\t\t\t\t\t\t\t<li>\n\n<div  class=\"fusion-image-wrapper fusion-image-size-fixed\" aria-haspopup=\"true\">\n\t\n\t\n\t\n\t\t\n\t\t\t\t\t<img decoding=\"async\" width=\"320\" height=\"202\" src=\"data:image\/svg+xml,%3Csvg%20xmlns%3D%27http%3A%2F%2Fwww.w3.org%2F2000%2Fsvg%27%20width%3D%27534%27%20height%3D%27532%27%20viewBox%3D%270%200%20534%20532%27%3E%3Crect%20width%3D%27534%27%20height%3D%27532%27%20fill-opacity%3D%220%22%2F%3E%3C%2Fsvg%3E\" class=\"attachment-blog-medium size-blog-medium lazyload wp-post-image\" alt=\"\" data-orig-src=\"https:\/\/knioch.pl\/wp-content\/uploads\/2025\/12\/Kartka-1A-320x202.png\" \/>\n\t\n\n\t\t<div class=\"fusion-rollover\">\n\t<div class=\"fusion-rollover-content\">\n\n\t\t\t\t\n\t\t\n\t\t\t\t\t\t\t\t\n\t\t\t\t\t\t\t\t\n\t\t\n\t\t\t\t\t\t<a class=\"fusion-link-wrapper\" href=\"https:\/\/knioch.pl\/de\/aktualnosci\/wesolych-swiat\/\" aria-label=\"Weso\u0142ych \u015awi\u0105t &#x2728;&#x1f384;\"><\/a>\n\t<\/div>\n<\/div>\n\n\t\n<\/div>\n<\/li>\n\t\t\t\n\t\t\t\n\t\t\t\t\t\t\t\t\t\t\t\t\t\t\t\t\t\t\t\t\t\t\t\t\t\t\t\t\t\t\t\t\t\t\t\t\t\t\t\t\t\t\t\t\t\t\t\t\t\t\t\t\t\t\t\t\t\t\t\t\t\t\t\t\t\t\t\t<\/ul>\n\t<\/div>\n\t<div class=\"fusion-post-content post-content\"><h2 class=\"blog-shortcode-post-title entry-title\"><a href=\"https:\/\/knioch.pl\/de\/aktualnosci\/wesolych-swiat\/\">Weso\u0142ych \u015awi\u0105t &#x2728;&#x1f384;<\/a><\/h2><div class=\"fusion-post-content-container\"><p>Z okazji nadchodz\u0105cych \u015awi\u0105t oraz Nowego Roku \u017cyczymy Pa\u0144stwu zdrowia, pomy\u015blno\u015bci i wielu sukces\u00f3w.\u00a0 Niech Nowy ...<\/p><\/div><\/div><div class=\"fusion-clearfix\"><\/div><\/article>\n<article id=\"blog-1-post-6542\" class=\"fusion-post-medium-alternate post-6542 post type-post status-publish format-standard has-post-thumbnail hentry category-aktualnosci\">\n<div class=\"fusion-date-and-formats\"><div class=\"fusion-date-box updated\"><span class=\"fusion-date\">22<\/span><span class=\"fusion-month-year\">12, 2025<\/span><\/div><div class=\"fusion-format-box\"><i class=\"fusion-icon-pen\" aria-hidden=\"true\"><\/i><\/div><\/div>\t<style type=\"text\/css\">\n\t\t\n\t\t\n\t\t\n\t\t\n\t\t\t<\/style>\n\n\n\t\t\t<div class=\"fusion-flexslider flexslider fusion-flexslider-loading fusion-post-slideshow\" style=\"\">\n\t\t<ul class=\"slides\">\n\t\t\t\n\t\t\t\t\t\t\t\t\t\t\t\t\t\t<li>\n\n<div  class=\"fusion-image-wrapper fusion-image-size-fixed\" aria-haspopup=\"true\">\n\t\n\t\n\t\n\t\t\n\t\t\t\t\t<img decoding=\"async\" width=\"320\" height=\"202\" src=\"data:image\/svg+xml,%3Csvg%20xmlns%3D%27http%3A%2F%2Fwww.w3.org%2F2000%2Fsvg%27%20width%3D%27595%27%20height%3D%27895%27%20viewBox%3D%270%200%20595%20895%27%3E%3Crect%20width%3D%27595%27%20height%3D%27895%27%20fill-opacity%3D%220%22%2F%3E%3C%2Fsvg%3E\" class=\"attachment-blog-medium size-blog-medium lazyload wp-post-image\" alt=\"\" data-orig-src=\"https:\/\/knioch.pl\/wp-content\/uploads\/2025\/12\/SPOTKANIE-320x202.jpg\" \/>\n\t\n\n\t\t<div class=\"fusion-rollover\">\n\t<div class=\"fusion-rollover-content\">\n\n\t\t\t\t\n\t\t\n\t\t\t\t\t\t\t\t\n\t\t\t\t\t\t\t\t\n\t\t\n\t\t\t\t\t\t<a class=\"fusion-link-wrapper\" href=\"https:\/\/knioch.pl\/de\/aktualnosci\/dzien-swiateczny\/\" aria-label=\"Dzie\u0144 \u015awi\u0105teczny &#x1f384;&#x1f384;\"><\/a>\n\t<\/div>\n<\/div>\n\n\t\n<\/div>\n<\/li>\n\t\t\t\n\t\t\t\n\t\t\t\t\t\t\t\t\t\t\t\t\t\t\t\t\t\t\t\t\t\t\t\t\t\t\t\t\t\t\t\t\t\t\t\t\t\t\t\t\t\t\t\t\t\t\t\t\t\t\t\t\t\t\t\t\t\t\t\t\t\t\t\t\t\t\t\t<\/ul>\n\t<\/div>\n\t<div class=\"fusion-post-content post-content\"><h2 class=\"blog-shortcode-post-title entry-title\"><a href=\"https:\/\/knioch.pl\/de\/aktualnosci\/dzien-swiateczny\/\">Dzie\u0144 \u015awi\u0105teczny &#x1f384;&#x1f384;<\/a><\/h2><div class=\"fusion-post-content-container\"><p>W sobot\u0119 20 grudnia odby\u0142 si\u0119 Dzie\u0144 \u015awi\u0105teczny. Up\u0142yn\u0105\u0142 w mi\u0142ej i spokojnej atmosferze. By\u0142 to ...<\/p><\/div><\/div><div class=\"fusion-clearfix\"><\/div><\/article>\n<article id=\"blog-1-post-6537\" class=\"fusion-post-medium-alternate post-6537 post type-post status-publish format-standard has-post-thumbnail hentry category-aktualnosci\">\n<div class=\"fusion-date-and-formats\"><div class=\"fusion-date-box updated\"><span class=\"fusion-date\">10<\/span><span class=\"fusion-month-year\">12, 2025<\/span><\/div><div class=\"fusion-format-box\"><i class=\"fusion-icon-pen\" aria-hidden=\"true\"><\/i><\/div><\/div>\t<style type=\"text\/css\">\n\t\t\n\t\t\n\t\t\n\t\t\n\t\t\t<\/style>\n\n\n\t\t\t<div class=\"fusion-flexslider flexslider fusion-flexslider-loading fusion-post-slideshow\" style=\"\">\n\t\t<ul class=\"slides\">\n\t\t\t\n\t\t\t\t\t\t\t\t\t\t\t\t\t\t<li>\n\n<div  class=\"fusion-image-wrapper fusion-image-size-fixed\" aria-haspopup=\"true\">\n\t\n\t\n\t\n\t\t\n\t\t\t\t\t<img decoding=\"async\" width=\"320\" height=\"202\" src=\"https:\/\/knioch.pl\/wp-content\/uploads\/2025\/12\/zapasay-320x202.jpg\" class=\"attachment-blog-medium size-blog-medium lazyload wp-post-image\" alt=\"\" srcset=\"data:image\/svg+xml,%3Csvg%20xmlns%3D%27http%3A%2F%2Fwww.w3.org%2F2000%2Fsvg%27%20width%3D%271008%27%20height%3D%27756%27%20viewBox%3D%270%200%201008%20756%27%3E%3Crect%20width%3D%271008%27%20height%3D%27756%27%20fill-opacity%3D%220%22%2F%3E%3C%2Fsvg%3E\" data-orig-src=\"https:\/\/knioch.pl\/wp-content\/uploads\/2025\/12\/zapasay-320x202.jpg\" data-srcset=\"https:\/\/knioch.pl\/wp-content\/uploads\/2025\/12\/zapasay-320x202.jpg 320w, https:\/\/knioch.pl\/wp-content\/uploads\/2025\/12\/zapasay-700x441.jpg 700w\" data-sizes=\"auto\" \/>\n\t\n\n\t\t<div class=\"fusion-rollover\">\n\t<div class=\"fusion-rollover-content\">\n\n\t\t\t\t\n\t\t\n\t\t\t\t\t\t\t\t\n\t\t\t\t\t\t\t\t\n\t\t\n\t\t\t\t\t\t<a class=\"fusion-link-wrapper\" href=\"https:\/\/knioch.pl\/de\/aktualnosci\/zloty-medal\/\" aria-label=\"Z\u0142oty medal &#x1f947;\"><\/a>\n\t<\/div>\n<\/div>\n\n\t\n<\/div>\n<\/li>\n\t\t\t\n\t\t\t\n\t\t\t\t\t\t\t\t\t\t\t\t\t\t\t\t\t\t\t\t\t\t\t\t\t\t\t\t\t\t\t\t\t\t\t\t\t\t\t\t\t\t\t\t\t\t\t\t\t\t\t\t\t\t\t\t\t\t\t\t\t\t\t\t\t\t\t\t<\/ul>\n\t<\/div>\n\t<div class=\"fusion-post-content post-content\"><h2 class=\"blog-shortcode-post-title entry-title\"><a href=\"https:\/\/knioch.pl\/de\/aktualnosci\/zloty-medal\/\">Z\u0142oty medal &#x1f947;<\/a><\/h2><div class=\"fusion-post-content-container\"><p> 6 grudnia w \u015arodzie Wielkopolskiej odby\u0142 si\u0119 IV Og\u00f3lnopolski Turniej Miko\u0142ajkowy w Zapasach w Stylu ...<\/p><\/div><\/div><div class=\"fusion-clearfix\"><\/div><\/article>\n<article id=\"blog-1-post-6532\" class=\"fusion-post-medium-alternate post-6532 post type-post status-publish format-standard has-post-thumbnail hentry category-aktualnosci\">\n<div class=\"fusion-date-and-formats\"><div class=\"fusion-date-box updated\"><span class=\"fusion-date\">22<\/span><span class=\"fusion-month-year\">10, 2025<\/span><\/div><div class=\"fusion-format-box\"><i class=\"fusion-icon-pen\" aria-hidden=\"true\"><\/i><\/div><\/div>\t<style type=\"text\/css\">\n\t\t\n\t\t\n\t\t\n\t\t\n\t\t\t<\/style>\n\n\n\t\t\t<div class=\"fusion-flexslider flexslider fusion-flexslider-loading fusion-post-slideshow\" style=\"\">\n\t\t<ul class=\"slides\">\n\t\t\t\n\t\t\t\t\t\t\t\t\t\t\t\t\t\t<li>\n\n<div  class=\"fusion-image-wrapper fusion-image-size-fixed\" aria-haspopup=\"true\">\n\t\n\t\n\t\n\t\t\n\t\t\t\t\t<img decoding=\"async\" width=\"320\" height=\"202\" src=\"https:\/\/knioch.pl\/wp-content\/uploads\/2025\/10\/jablka-e1761123582205-320x202.png\" class=\"attachment-blog-medium size-blog-medium lazyload wp-post-image\" alt=\"\" srcset=\"data:image\/svg+xml,%3Csvg%20xmlns%3D%27http%3A%2F%2Fwww.w3.org%2F2000%2Fsvg%27%20width%3D%272880%27%20height%3D%271621%27%20viewBox%3D%270%200%202880%201621%27%3E%3Crect%20width%3D%272880%27%20height%3D%271621%27%20fill-opacity%3D%220%22%2F%3E%3C%2Fsvg%3E\" data-orig-src=\"https:\/\/knioch.pl\/wp-content\/uploads\/2025\/10\/jablka-e1761123582205-320x202.png\" data-srcset=\"https:\/\/knioch.pl\/wp-content\/uploads\/2025\/10\/jablka-e1761123582205-18x10.png 18w, https:\/\/knioch.pl\/wp-content\/uploads\/2025\/10\/jablka-e1761123582205-24x14.png 24w, https:\/\/knioch.pl\/wp-content\/uploads\/2025\/10\/jablka-e1761123582205-320x202.png 320w, https:\/\/knioch.pl\/wp-content\/uploads\/2025\/10\/jablka-e1761123582205-700x441.png 700w\" data-sizes=\"auto\" \/>\n\t\n\n\t\t<div class=\"fusion-rollover\">\n\t<div class=\"fusion-rollover-content\">\n\n\t\t\t\t\n\t\t\n\t\t\t\t\t\t\t\t\n\t\t\t\t\t\t\t\t\n\t\t\n\t\t\t\t\t\t<a class=\"fusion-link-wrapper\" href=\"https:\/\/knioch.pl\/de\/aktualnosci\/bierzemy-udzial-w-akcji-jabluszko\/\" aria-label=\"&#x1f34f; Bierzemy udzia\u0142 w Akcji Jab\u0142uszko! &#x1f34f;\"><\/a>\n\t<\/div>\n<\/div>\n\n\t\n<\/div>\n<\/li>\n\t\t\t\n\t\t\t\n\t\t\t\t\t\t\t\t\t\t\t\t\t\t\t\t\t\t\t\t\t\t\t\t\t\t\t\t\t\t\t\t\t\t\t\t\t\t\t\t\t\t\t\t\t\t\t\t\t\t\t\t\t\t\t\t\t\t\t\t\t\t\t\t\t\t\t\t<\/ul>\n\t<\/div>\n\t<div class=\"fusion-post-content post-content\"><h2 class=\"blog-shortcode-post-title entry-title\"><a href=\"https:\/\/knioch.pl\/de\/aktualnosci\/bierzemy-udzial-w-akcji-jabluszko\/\">&#x1f34f; Bierzemy udzia\u0142 w Akcji Jab\u0142uszko! &#x1f34f;<\/a><\/h2><div class=\"fusion-post-content-container\"><p> Z rado\u015bci\u0105 do\u0142\u0105czamy do akcji charytatywnej \u201eJab\u0142uszko\u201d, kt\u00f3rej celem jest pomoc dzieciom z niepe\u0142nosprawno\u015bciami\ud83d\udc9a Ca\u0142y ...<\/p><\/div><\/div><div class=\"fusion-clearfix\"><\/div><\/article>\n<article id=\"blog-1-post-6526\" class=\"fusion-post-medium-alternate post-6526 post type-post status-publish format-standard has-post-thumbnail hentry category-aktualnosci\">\n<div class=\"fusion-date-and-formats\"><div class=\"fusion-date-box updated\"><span class=\"fusion-date\">30<\/span><span class=\"fusion-month-year\">09, 2025<\/span><\/div><div class=\"fusion-format-box\"><i class=\"fusion-icon-pen\" aria-hidden=\"true\"><\/i><\/div><\/div>\t<style type=\"text\/css\">\n\t\t\n\t\t\n\t\t\n\t\t\n\t\t\t<\/style>\n\n\n\t\t\t<div class=\"fusion-flexslider flexslider fusion-flexslider-loading fusion-post-slideshow\" style=\"\">\n\t\t<ul class=\"slides\">\n\t\t\t\n\t\t\t\t\t\t\t\t\t\t\t\t\t\t<li>\n\n<div  class=\"fusion-image-wrapper fusion-image-size-fixed\" aria-haspopup=\"true\">\n\t\n\t\n\t\n\t\t\n\t\t\t\t\t<img decoding=\"async\" width=\"320\" height=\"202\" src=\"https:\/\/knioch.pl\/wp-content\/uploads\/2025\/09\/Dzien-chlopca-320x202.png\" class=\"attachment-blog-medium size-blog-medium lazyload wp-post-image\" alt=\"\" srcset=\"data:image\/svg+xml,%3Csvg%20xmlns%3D%27http%3A%2F%2Fwww.w3.org%2F2000%2Fsvg%27%20width%3D%27889%27%20height%3D%27624%27%20viewBox%3D%270%200%20889%20624%27%3E%3Crect%20width%3D%27889%27%20height%3D%27624%27%20fill-opacity%3D%220%22%2F%3E%3C%2Fsvg%3E\" data-orig-src=\"https:\/\/knioch.pl\/wp-content\/uploads\/2025\/09\/Dzien-chlopca-320x202.png\" data-srcset=\"https:\/\/knioch.pl\/wp-content\/uploads\/2025\/09\/Dzien-chlopca-18x12.png 18w, https:\/\/knioch.pl\/wp-content\/uploads\/2025\/09\/Dzien-chlopca-320x202.png 320w, https:\/\/knioch.pl\/wp-content\/uploads\/2025\/09\/Dzien-chlopca-700x441.png 700w\" data-sizes=\"auto\" \/>\n\t\n\n\t\t<div class=\"fusion-rollover\">\n\t<div class=\"fusion-rollover-content\">\n\n\t\t\t\t\n\t\t\n\t\t\t\t\t\t\t\t\n\t\t\t\t\t\t\t\t\n\t\t\n\t\t\t\t\t\t<a class=\"fusion-link-wrapper\" href=\"https:\/\/knioch.pl\/de\/aktualnosci\/wszystkiego-najlepszego-z-okazji-dnia-chlopaka\/\" aria-label=\"&#x1f389; Wszystkiego najlepszego z okazji Dnia Ch\u0142opaka! &#x1f389;\"><\/a>\n\t<\/div>\n<\/div>\n\n\t\n<\/div>\n<\/li>\n\t\t\t\n\t\t\t\n\t\t\t\t\t\t\t\t\t\t\t\t\t\t\t\t\t\t\t\t\t\t\t\t\t\t\t\t\t\t\t\t\t\t\t\t\t\t\t\t\t\t\t\t\t\t\t\t\t\t\t\t\t\t\t\t\t\t\t\t\t\t\t\t\t\t\t\t<\/ul>\n\t<\/div>\n\t<div class=\"fusion-post-content post-content\"><h2 class=\"blog-shortcode-post-title entry-title\"><a href=\"https:\/\/knioch.pl\/de\/aktualnosci\/wszystkiego-najlepszego-z-okazji-dnia-chlopaka\/\">&#x1f389; Wszystkiego najlepszego z okazji Dnia Ch\u0142opaka! &#x1f389;<\/a><\/h2><div class=\"fusion-post-content-container\"><p>Dzi\u015b wyj\u0105tkowy dzie\u0144, w kt\u00f3rym sk\u0142adamy \u017cyczenia wszystkim ch\u0142opakom \u2013 tym ma\u0142ym i tym du\u017cym! \ud83d\ude0a ...<\/p><\/div><\/div><div class=\"fusion-clearfix\"><\/div><\/article>\n<article id=\"blog-1-post-6523\" class=\"fusion-post-medium-alternate post-6523 post type-post status-publish format-standard has-post-thumbnail hentry category-aktualnosci\">\n<div class=\"fusion-date-and-formats\"><div class=\"fusion-date-box updated\"><span class=\"fusion-date\">29<\/span><span class=\"fusion-month-year\">09, 2025<\/span><\/div><div class=\"fusion-format-box\"><i class=\"fusion-icon-pen\" aria-hidden=\"true\"><\/i><\/div><\/div>\t<style type=\"text\/css\">\n\t\t\n\t\t\n\t\t\n\t\t\n\t\t\t<\/style>\n\n\n\t\t\t<div class=\"fusion-flexslider flexslider fusion-flexslider-loading fusion-post-slideshow\" style=\"\">\n\t\t<ul class=\"slides\">\n\t\t\t\n\t\t\t\t\t\t\t\t\t\t\t\t\t\t<li>\n\n<div  class=\"fusion-image-wrapper fusion-image-size-fixed\" aria-haspopup=\"true\">\n\t\n\t\n\t\n\t\t\n\t\t\t\t\t<img decoding=\"async\" width=\"320\" height=\"202\" src=\"https:\/\/knioch.pl\/wp-content\/uploads\/2025\/09\/Kadra-Wielkopolski-U-17-w-zapasach-w-stylu-wolnym-320x202.jpg\" class=\"attachment-blog-medium size-blog-medium lazyload wp-post-image\" alt=\"\" srcset=\"data:image\/svg+xml,%3Csvg%20xmlns%3D%27http%3A%2F%2Fwww.w3.org%2F2000%2Fsvg%27%20width%3D%271284%27%20height%3D%27679%27%20viewBox%3D%270%200%201284%20679%27%3E%3Crect%20width%3D%271284%27%20height%3D%27679%27%20fill-opacity%3D%220%22%2F%3E%3C%2Fsvg%3E\" data-orig-src=\"https:\/\/knioch.pl\/wp-content\/uploads\/2025\/09\/Kadra-Wielkopolski-U-17-w-zapasach-w-stylu-wolnym-320x202.jpg\" data-srcset=\"https:\/\/knioch.pl\/wp-content\/uploads\/2025\/09\/Kadra-Wielkopolski-U-17-w-zapasach-w-stylu-wolnym-18x10.jpg 18w, https:\/\/knioch.pl\/wp-content\/uploads\/2025\/09\/Kadra-Wielkopolski-U-17-w-zapasach-w-stylu-wolnym-320x202.jpg 320w, https:\/\/knioch.pl\/wp-content\/uploads\/2025\/09\/Kadra-Wielkopolski-U-17-w-zapasach-w-stylu-wolnym-700x441.jpg 700w\" data-sizes=\"auto\" \/>\n\t\n\n\t\t<div class=\"fusion-rollover\">\n\t<div class=\"fusion-rollover-content\">\n\n\t\t\t\t\n\t\t\n\t\t\t\t\t\t\t\t\n\t\t\t\t\t\t\t\t\n\t\t\n\t\t\t\t\t\t<a class=\"fusion-link-wrapper\" href=\"https:\/\/knioch.pl\/de\/aktualnosci\/4-miejsce-w-polsce-zapasnikow-ze-sredzkiej-teczy\/\" aria-label=\"4 miejsce w Polsce zapa\u015bnik\u00f3w ze \u015bredzkiej T\u0119czy&#x1f60e;&#x1f389;\"><\/a>\n\t<\/div>\n<\/div>\n\n\t\n<\/div>\n<\/li>\n\t\t\t\n\t\t\t\n\t\t\t\t\t\t\t\t\t\t\t\t\t\t\t\t\t\t\t\t\t\t\t\t\t\t\t\t\t\t\t\t\t\t\t\t\t\t\t\t\t\t\t\t\t\t\t\t\t\t\t\t\t\t\t\t\t\t\t\t\t\t\t\t\t\t\t\t<\/ul>\n\t<\/div>\n\t<div class=\"fusion-post-content post-content\"><h2 class=\"blog-shortcode-post-title entry-title\"><a href=\"https:\/\/knioch.pl\/de\/aktualnosci\/4-miejsce-w-polsce-zapasnikow-ze-sredzkiej-teczy\/\">4 miejsce w Polsce zapa\u015bnik\u00f3w ze \u015bredzkiej T\u0119czy&#x1f60e;&#x1f389;<\/a><\/h2><div class=\"fusion-post-content-container\"><p>W dniach 26-27 wrze\u015bnia w Zr\u0119binie (wojew\u00f3dztwo \u015bwi\u0119tokrzyskie) odby\u0142y si\u0119 Dru\u017cynowe Wojew\u00f3dzkie Mistrzostwa Polski Kadet\u00f3w w ...<\/p><\/div><\/div><div class=\"fusion-clearfix\"><\/div><\/article>\n<article id=\"blog-1-post-6519\" class=\"fusion-post-medium-alternate post-6519 post type-post status-publish format-standard has-post-thumbnail hentry category-aktualnosci\">\n<div class=\"fusion-date-and-formats\"><div class=\"fusion-date-box updated\"><span class=\"fusion-date\">4<\/span><span class=\"fusion-month-year\">07, 2025<\/span><\/div><div class=\"fusion-format-box\"><i class=\"fusion-icon-pen\" aria-hidden=\"true\"><\/i><\/div><\/div>\t<style type=\"text\/css\">\n\t\t\n\t\t\n\t\t\n\t\t\n\t\t\t<\/style>\n\n\n\t\t\t<div class=\"fusion-flexslider flexslider fusion-flexslider-loading fusion-post-slideshow\" style=\"\">\n\t\t<ul class=\"slides\">\n\t\t\t\n\t\t\t\t\t\t\t\t\t\t\t\t\t\t<li>\n\n<div  class=\"fusion-image-wrapper fusion-image-size-fixed\" aria-haspopup=\"true\">\n\t\n\t\n\t\n\t\t\n\t\t\t\t\t<img decoding=\"async\" width=\"320\" height=\"202\" src=\"https:\/\/knioch.pl\/wp-content\/uploads\/2025\/07\/Podzekowania-320x202.png\" class=\"attachment-blog-medium size-blog-medium lazyload wp-post-image\" alt=\"\" srcset=\"data:image\/svg+xml,%3Csvg%20xmlns%3D%27http%3A%2F%2Fwww.w3.org%2F2000%2Fsvg%27%20width%3D%273848%27%20height%3D%272392%27%20viewBox%3D%270%200%203848%202392%27%3E%3Crect%20width%3D%273848%27%20height%3D%272392%27%20fill-opacity%3D%220%22%2F%3E%3C%2Fsvg%3E\" data-orig-src=\"https:\/\/knioch.pl\/wp-content\/uploads\/2025\/07\/Podzekowania-320x202.png\" data-srcset=\"https:\/\/knioch.pl\/wp-content\/uploads\/2025\/07\/Podzekowania-18x12.png 18w, https:\/\/knioch.pl\/wp-content\/uploads\/2025\/07\/Podzekowania-24x15.png 24w, https:\/\/knioch.pl\/wp-content\/uploads\/2025\/07\/Podzekowania-36x22.png 36w, https:\/\/knioch.pl\/wp-content\/uploads\/2025\/07\/Podzekowania-48x30.png 48w, https:\/\/knioch.pl\/wp-content\/uploads\/2025\/07\/Podzekowania-320x202.png 320w, https:\/\/knioch.pl\/wp-content\/uploads\/2025\/07\/Podzekowania-700x441.png 700w\" data-sizes=\"auto\" \/>\n\t\n\n\t\t<div class=\"fusion-rollover\">\n\t<div class=\"fusion-rollover-content\">\n\n\t\t\t\t\n\t\t\n\t\t\t\t\t\t\t\t\n\t\t\t\t\t\t\t\t\n\t\t\n\t\t\t\t\t\t<a class=\"fusion-link-wrapper\" href=\"https:\/\/knioch.pl\/de\/aktualnosci\/zakonczenie-roku-szkolnego-2024-2025\/\" aria-label=\"&#x1f4da; Zako\u0144czenie roku szkolnego 2024\/2025 &#x1f393;\"><\/a>\n\t<\/div>\n<\/div>\n\n\t\n<\/div>\n<\/li>\n\t\t\t\n\t\t\t\n\t\t\t\t\t\t\t\t\t\t\t\t\t\t\t\t\t\t\t\t\t\t\t\t\t\t\t\t\t\t\t\t\t\t\t\t\t\t\t\t\t\t\t\t\t\t\t\t\t\t\t\t\t\t\t\t\t\t\t\t\t\t\t\t\t\t\t\t<\/ul>\n\t<\/div>\n\t<div class=\"fusion-post-content post-content\"><h2 class=\"blog-shortcode-post-title entry-title\"><a href=\"https:\/\/knioch.pl\/de\/aktualnosci\/zakonczenie-roku-szkolnego-2024-2025\/\">&#x1f4da; Zako\u0144czenie roku szkolnego 2024\/2025 &#x1f393;<\/a><\/h2><div class=\"fusion-post-content-container\"><p>Za nami kolejny intensywny i pe\u0142en wyzwa\u0144 rok szkolny! Dzi\u0119kujemy wszystkim Uczniom za wsp\u00f3ln\u0105 prac\u0119 i ...<\/p><\/div><\/div><div class=\"fusion-clearfix\"><\/div><\/article>\n<article id=\"blog-1-post-6515\" class=\"fusion-post-medium-alternate post-6515 post type-post status-publish format-standard has-post-thumbnail hentry category-aktualnosci\">\n<div class=\"fusion-date-and-formats\"><div class=\"fusion-date-box updated\"><span class=\"fusion-date\">16<\/span><span class=\"fusion-month-year\">06, 2025<\/span><\/div><div class=\"fusion-format-box\"><i class=\"fusion-icon-pen\" aria-hidden=\"true\"><\/i><\/div><\/div>\t<style type=\"text\/css\">\n\t\t\n\t\t\n\t\t\n\t\t\n\t\t\t<\/style>\n\n\n\t\t\t<div class=\"fusion-flexslider flexslider fusion-flexslider-loading fusion-post-slideshow\" style=\"\">\n\t\t<ul class=\"slides\">\n\t\t\t\n\t\t\t\t\t\t\t\t\t\t\t\t\t\t<li>\n\n<div  class=\"fusion-image-wrapper fusion-image-size-fixed\" aria-haspopup=\"true\">\n\t\n\t\n\t\n\t\t\n\t\t\t\t\t<img decoding=\"async\" width=\"320\" height=\"202\" src=\"https:\/\/knioch.pl\/wp-content\/uploads\/2025\/06\/podziekowania-320x202.png\" class=\"attachment-blog-medium size-blog-medium lazyload wp-post-image\" alt=\"\" srcset=\"data:image\/svg+xml,%3Csvg%20xmlns%3D%27http%3A%2F%2Fwww.w3.org%2F2000%2Fsvg%27%20width%3D%272341%27%20height%3D%271622%27%20viewBox%3D%270%200%202341%201622%27%3E%3Crect%20width%3D%272341%27%20height%3D%271622%27%20fill-opacity%3D%220%22%2F%3E%3C%2Fsvg%3E\" data-orig-src=\"https:\/\/knioch.pl\/wp-content\/uploads\/2025\/06\/podziekowania-320x202.png\" data-srcset=\"https:\/\/knioch.pl\/wp-content\/uploads\/2025\/06\/podziekowania-18x12.png 18w, https:\/\/knioch.pl\/wp-content\/uploads\/2025\/06\/podziekowania-320x202.png 320w, https:\/\/knioch.pl\/wp-content\/uploads\/2025\/06\/podziekowania-700x441.png 700w\" data-sizes=\"auto\" \/>\n\t\n\n\t\t<div class=\"fusion-rollover\">\n\t<div class=\"fusion-rollover-content\">\n\n\t\t\t\t\n\t\t\n\t\t\t\t\t\t\t\t\n\t\t\t\t\t\t\t\t\n\t\t\n\t\t\t\t\t\t<a class=\"fusion-link-wrapper\" href=\"https:\/\/knioch.pl\/de\/aktualnosci\/wspieramy-przyszlych-liderow\/\" aria-label=\"&#x1f393;&#x1f4bc; Wspieramy przysz\u0142ych lider\u00f3w!\"><\/a>\n\t<\/div>\n<\/div>\n\n\t\n<\/div>\n<\/li>\n\t\t\t\n\t\t\t\n\t\t\t\t\t\t\t\t\t\t\t\t\t\t\t\t\t\t\t\t\t\t\t\t\t\t\t\t\t\t\t\t\t\t\t\t\t\t\t\t\t\t\t\t\t\t\t\t\t\t\t\t\t\t\t\t\t\t\t\t\t\t\t\t\t\t\t\t<\/ul>\n\t<\/div>\n\t<div class=\"fusion-post-content post-content\"><h2 class=\"blog-shortcode-post-title entry-title\"><a href=\"https:\/\/knioch.pl\/de\/aktualnosci\/wspieramy-przyszlych-liderow\/\">&#x1f393;&#x1f4bc; Wspieramy przysz\u0142ych lider\u00f3w!<\/a><\/h2><div class=\"fusion-post-content-container\"><p>Z dum\u0105 informujemy, \u017ce nasza firma zaanga\u017cowa\u0142a si\u0119 w program M\u0142ody Lean Lider \u2013 og\u00f3lnopolskiej inicjatywy ...<\/p><\/div><\/div><div class=\"fusion-clearfix\"><\/div><\/article>\n<article id=\"blog-1-post-6506\" class=\"fusion-post-medium-alternate post-6506 post type-post status-publish format-standard has-post-thumbnail hentry category-aktualnosci\">\n<div class=\"fusion-date-and-formats\"><div class=\"fusion-date-box updated\"><span class=\"fusion-date\">13<\/span><span class=\"fusion-month-year\">06, 2025<\/span><\/div><div class=\"fusion-format-box\"><i class=\"fusion-icon-pen\" aria-hidden=\"true\"><\/i><\/div><\/div>\t<style type=\"text\/css\">\n\t\t\n\t\t\n\t\t\n\t\t\n\t\t\t<\/style>\n\n\n\t\t\t<div class=\"fusion-flexslider flexslider fusion-flexslider-loading fusion-post-slideshow\" style=\"\">\n\t\t<ul class=\"slides\">\n\t\t\t\n\t\t\t\t\t\t\t\t\t\t\t\t\t\t<li>\n\n<div  class=\"fusion-image-wrapper fusion-image-size-fixed\" aria-haspopup=\"true\">\n\t\n\t\n\t\n\t\t\n\t\t\t\t\t<img decoding=\"async\" width=\"320\" height=\"202\" src=\"https:\/\/knioch.pl\/wp-content\/uploads\/2025\/06\/Colorful-Illustrated-Fun-Summer-Fair-Poster-5-320x202.png\" class=\"attachment-blog-medium size-blog-medium lazyload wp-post-image\" alt=\"\" srcset=\"data:image\/svg+xml,%3Csvg%20xmlns%3D%27http%3A%2F%2Fwww.w3.org%2F2000%2Fsvg%27%20width%3D%271587%27%20height%3D%272245%27%20viewBox%3D%270%200%201587%202245%27%3E%3Crect%20width%3D%271587%27%20height%3D%272245%27%20fill-opacity%3D%220%22%2F%3E%3C%2Fsvg%3E\" data-orig-src=\"https:\/\/knioch.pl\/wp-content\/uploads\/2025\/06\/Colorful-Illustrated-Fun-Summer-Fair-Poster-5-320x202.png\" data-srcset=\"https:\/\/knioch.pl\/wp-content\/uploads\/2025\/06\/Colorful-Illustrated-Fun-Summer-Fair-Poster-5-320x202.png 320w, https:\/\/knioch.pl\/wp-content\/uploads\/2025\/06\/Colorful-Illustrated-Fun-Summer-Fair-Poster-5-700x441.png 700w\" data-sizes=\"auto\" \/>\n\t\n\n\t\t<div class=\"fusion-rollover\">\n\t<div class=\"fusion-rollover-content\">\n\n\t\t\t\t\n\t\t\n\t\t\t\t\t\t\t\t\n\t\t\t\t\t\t\t\t\n\t\t\n\t\t\t\t\t\t<a class=\"fusion-link-wrapper\" href=\"https:\/\/knioch.pl\/de\/aktualnosci\/dzien-dziecka-w-naszej-firmie\/\" aria-label=\"&#x1f389; Dzie\u0144 Dziecka w naszej firmie! &#x1f388;\"><\/a>\n\t<\/div>\n<\/div>\n\n\t\n<\/div>\n<\/li>\n\t\t\t\n\t\t\t\n\t\t\t\t\t\t\t\t\t\t\t\t\t\t\t\t\t\t\t\t\t\t\t\t\t\t\t\t\t\t\t\t\t\t\t\t\t\t\t\t\t\t\t\t\t\t\t\t\t\t\t\t\t\t\t\t\t\t\t\t\t\t\t\t\t\t\t\t<\/ul>\n\t<\/div>\n\t<div class=\"fusion-post-content post-content\"><h2 class=\"blog-shortcode-post-title entry-title\"><a href=\"https:\/\/knioch.pl\/de\/aktualnosci\/dzien-dziecka-w-naszej-firmie\/\">&#x1f389; Dzie\u0144 Dziecka w naszej firmie! &#x1f388;<\/a><\/h2><div class=\"fusion-post-content-container\"><p> W sobot\u0119 7 czerwca teren naszej firmy wype\u0142ni\u0142 \u015bmiech, kolorowe balony i\u2026 mali go\u015bcie! \ud83e\uddf8 ...<\/p><\/div><\/div><div class=\"fusion-clearfix\"><\/div><\/article>\n<article id=\"blog-1-post-6498\" class=\"fusion-post-medium-alternate post-6498 post type-post status-publish format-standard has-post-thumbnail hentry category-aktualnosci\">\n<div class=\"fusion-date-and-formats\"><div class=\"fusion-date-box updated\"><span class=\"fusion-date\">18<\/span><span class=\"fusion-month-year\">04, 2025<\/span><\/div><div class=\"fusion-format-box\"><i class=\"fusion-icon-pen\" aria-hidden=\"true\"><\/i><\/div><\/div>\t<style type=\"text\/css\">\n\t\t\n\t\t\n\t\t\n\t\t\n\t\t\t<\/style>\n\n\n\t\t\t<div class=\"fusion-flexslider flexslider fusion-flexslider-loading fusion-post-slideshow\" style=\"\">\n\t\t<ul class=\"slides\">\n\t\t\t\n\t\t\t\t\t\t\t\t\t\t\t\t\t\t<li>\n\n<div  class=\"fusion-image-wrapper fusion-image-size-fixed\" aria-haspopup=\"true\">\n\t\n\t\n\t\n\t\t\n\t\t\t\t\t<img decoding=\"async\" width=\"320\" height=\"202\" src=\"https:\/\/knioch.pl\/wp-content\/uploads\/2025\/04\/Radosnych-Swiat-320x202.jpg\" class=\"attachment-blog-medium size-blog-medium lazyload wp-post-image\" alt=\"\" srcset=\"data:image\/svg+xml,%3Csvg%20xmlns%3D%27http%3A%2F%2Fwww.w3.org%2F2000%2Fsvg%27%20width%3D%271500%27%20height%3D%271500%27%20viewBox%3D%270%200%201500%201500%27%3E%3Crect%20width%3D%271500%27%20height%3D%271500%27%20fill-opacity%3D%220%22%2F%3E%3C%2Fsvg%3E\" data-orig-src=\"https:\/\/knioch.pl\/wp-content\/uploads\/2025\/04\/Radosnych-Swiat-320x202.jpg\" data-srcset=\"https:\/\/knioch.pl\/wp-content\/uploads\/2025\/04\/Radosnych-Swiat-320x202.jpg 320w, https:\/\/knioch.pl\/wp-content\/uploads\/2025\/04\/Radosnych-Swiat-700x441.jpg 700w\" data-sizes=\"auto\" \/>\n\t\n\n\t\t<div class=\"fusion-rollover\">\n\t<div class=\"fusion-rollover-content\">\n\n\t\t\t\t\n\t\t\n\t\t\t\t\t\t\t\t\n\t\t\t\t\t\t\t\t\n\t\t\n\t\t\t\t\t\t<a class=\"fusion-link-wrapper\" href=\"https:\/\/knioch.pl\/de\/aktualnosci\/wesolych-swiat\/\" aria-label=\"Weso\u0142ych \u015awi\u0105t! &#x1f407;&#x1f423;\"><\/a>\n\t<\/div>\n<\/div>\n\n\t\n<\/div>\n<\/li>\n\t\t\t\n\t\t\t\n\t\t\t\t\t\t\t\t\t\t\t\t\t\t\t\t\t\t\t\t\t\t\t\t\t\t\t\t\t\t\t\t\t\t\t\t\t\t\t\t\t\t\t\t\t\t\t\t\t\t\t\t\t\t\t\t\t\t\t\t\t\t\t\t\t\t\t\t<\/ul>\n\t<\/div>\n\t<div class=\"fusion-post-content post-content\"><h2 class=\"blog-shortcode-post-title entry-title\"><a href=\"https:\/\/knioch.pl\/de\/aktualnosci\/wesolych-swiat\/\">Weso\u0142ych \u015awi\u0105t! &#x1f407;&#x1f423;<\/a><\/h2><div class=\"fusion-post-content-container\"><p>Z okazji \u015awi\u0105t Wielkanocnych \ud83d\udc23\ud83d\udc07 chcemy Wam \u017cyczy\u0107 mn\u00f3stwo u\u015bmiechu, zdrowia, dobrych ludzi wok\u00f3\u0142 i\u2026 spe\u0142nienia ...<\/p><\/div><\/div><div class=\"fusion-clearfix\"><\/div><\/article>\n<article id=\"blog-1-post-6494\" class=\"fusion-post-medium-alternate post-6494 post type-post status-publish format-standard has-post-thumbnail hentry category-aktualnosci\">\n<div class=\"fusion-date-and-formats\"><div class=\"fusion-date-box updated\"><span class=\"fusion-date\">15<\/span><span class=\"fusion-month-year\">04, 2025<\/span><\/div><div class=\"fusion-format-box\"><i class=\"fusion-icon-pen\" aria-hidden=\"true\"><\/i><\/div><\/div>\t<style type=\"text\/css\">\n\t\t\n\t\t\n\t\t\n\t\t\n\t\t\t<\/style>\n\n\n\t\t\t<div class=\"fusion-flexslider flexslider fusion-flexslider-loading fusion-post-slideshow\" style=\"\">\n\t\t<ul class=\"slides\">\n\t\t\t\n\t\t\t\t\t\t\t\t\t\t\t\t\t\t<li>\n\n<div  class=\"fusion-image-wrapper fusion-image-size-fixed\" aria-haspopup=\"true\">\n\t\n\t\n\t\n\t\t\n\t\t\t\t\t<img decoding=\"async\" width=\"320\" height=\"202\" src=\"https:\/\/knioch.pl\/wp-content\/uploads\/2025\/04\/487330601_1280506697410179_7044432819046253544_n-320x202.jpg\" class=\"attachment-blog-medium size-blog-medium lazyload wp-post-image\" alt=\"\" srcset=\"data:image\/svg+xml,%3Csvg%20xmlns%3D%27http%3A%2F%2Fwww.w3.org%2F2000%2Fsvg%27%20width%3D%272048%27%20height%3D%272048%27%20viewBox%3D%270%200%202048%202048%27%3E%3Crect%20width%3D%272048%27%20height%3D%272048%27%20fill-opacity%3D%220%22%2F%3E%3C%2Fsvg%3E\" data-orig-src=\"https:\/\/knioch.pl\/wp-content\/uploads\/2025\/04\/487330601_1280506697410179_7044432819046253544_n-320x202.jpg\" data-srcset=\"https:\/\/knioch.pl\/wp-content\/uploads\/2025\/04\/487330601_1280506697410179_7044432819046253544_n-320x202.jpg 320w, https:\/\/knioch.pl\/wp-content\/uploads\/2025\/04\/487330601_1280506697410179_7044432819046253544_n-700x441.jpg 700w\" data-sizes=\"auto\" \/>\n\t\n\n\t\t<div class=\"fusion-rollover\">\n\t<div class=\"fusion-rollover-content\">\n\n\t\t\t\t\n\t\t\n\t\t\t\t\t\t\t\t\n\t\t\t\t\t\t\t\t\n\t\t\n\t\t\t\t\t\t<a class=\"fusion-link-wrapper\" href=\"https:\/\/knioch.pl\/de\/aktualnosci\/drzwi-otwarte-w-zespole-szkol-rolniczych\/\" aria-label=\"Drzwi Otwarte w Zespole Szk\u00f3\u0142 Rolniczych &#x1f6aa;\"><\/a>\n\t<\/div>\n<\/div>\n\n\t\n<\/div>\n<\/li>\n\t\t\t\n\t\t\t\n\t\t\t\t\t\t\t\t\t\t\t\t\t\t\t\t\t\t\t\t\t\t\t\t\t\t\t\t\t\t\t\t\t\t\t\t\t\t\t\t\t\t\t\t\t\t\t\t\t\t\t\t\t\t\t\t\t\t\t\t\t\t\t\t\t\t\t\t<\/ul>\n\t<\/div>\n\t<div class=\"fusion-post-content post-content\"><h2 class=\"blog-shortcode-post-title entry-title\"><a href=\"https:\/\/knioch.pl\/de\/aktualnosci\/drzwi-otwarte-w-zespole-szkol-rolniczych\/\">Drzwi Otwarte w Zespole Szk\u00f3\u0142 Rolniczych &#x1f6aa;<\/a><\/h2><div class=\"fusion-post-content-container\"><p>Drzwi Otwarte w Zespole Szk\u00f3\u0142 Rolniczych \u2013 Dzi\u0119kujemy za Wasz\u0105 Obecno\u015b\u0107!\ud83c\udf93 W tym roku r\u00f3wnie\u017c uczestniczyli\u015bmy ...<\/p><\/div><\/div><div class=\"fusion-clearfix\"><\/div><\/article>\n<article id=\"blog-1-post-6491\" class=\"fusion-post-medium-alternate post-6491 post type-post status-publish format-standard has-post-thumbnail hentry category-aktualnosci\">\n<div class=\"fusion-date-and-formats\"><div class=\"fusion-date-box updated\"><span class=\"fusion-date\">10<\/span><span class=\"fusion-month-year\">04, 2025<\/span><\/div><div class=\"fusion-format-box\"><i class=\"fusion-icon-pen\" aria-hidden=\"true\"><\/i><\/div><\/div>\t<style type=\"text\/css\">\n\t\t\n\t\t\n\t\t\n\t\t\n\t\t\t<\/style>\n\n\n\t\t\t<div class=\"fusion-flexslider flexslider fusion-flexslider-loading fusion-post-slideshow\" style=\"\">\n\t\t<ul class=\"slides\">\n\t\t\t\n\t\t\t\t\t\t\t\t\t\t\t\t\t\t<li>\n\n<div  class=\"fusion-image-wrapper fusion-image-size-fixed\" aria-haspopup=\"true\">\n\t\n\t\n\t\n\t\t\n\t\t\t\t\t<img decoding=\"async\" width=\"320\" height=\"202\" src=\"https:\/\/knioch.pl\/wp-content\/uploads\/2025\/04\/KNIOCH1-320x202.png\" class=\"attachment-blog-medium size-blog-medium lazyload wp-post-image\" alt=\"\" srcset=\"data:image\/svg+xml,%3Csvg%20xmlns%3D%27http%3A%2F%2Fwww.w3.org%2F2000%2Fsvg%27%20width%3D%272048%27%20height%3D%271536%27%20viewBox%3D%270%200%202048%201536%27%3E%3Crect%20width%3D%272048%27%20height%3D%271536%27%20fill-opacity%3D%220%22%2F%3E%3C%2Fsvg%3E\" data-orig-src=\"https:\/\/knioch.pl\/wp-content\/uploads\/2025\/04\/KNIOCH1-320x202.png\" data-srcset=\"https:\/\/knioch.pl\/wp-content\/uploads\/2025\/04\/KNIOCH1-320x202.png 320w, https:\/\/knioch.pl\/wp-content\/uploads\/2025\/04\/KNIOCH1-700x441.png 700w\" data-sizes=\"auto\" \/>\n\t\n\n\t\t<div class=\"fusion-rollover\">\n\t<div class=\"fusion-rollover-content\">\n\n\t\t\t\t\n\t\t\n\t\t\t\t\t\t\t\t\n\t\t\t\t\t\t\t\t\n\t\t\n\t\t\t\t\t\t<a class=\"fusion-link-wrapper\" href=\"https:\/\/knioch.pl\/de\/aktualnosci\/niebieski-bieg-z-dwojka\/\" aria-label=\"&#x1f3c3;&#x200d;&#x2640;&#xfe0f; Niebieski Bieg z &#8222;Dw\u00f3jk\u0105&#8221; &#x1f31f;\"><\/a>\n\t<\/div>\n<\/div>\n\n\t\n<\/div>\n<\/li>\n\t\t\t\n\t\t\t\n\t\t\t\t\t\t\t\t\t\t\t\t\t\t\t\t\t\t\t\t\t\t\t\t\t\t\t\t\t\t\t\t\t\t\t\t\t\t\t\t\t\t\t\t\t\t\t\t\t\t\t\t\t\t\t\t\t\t\t\t\t\t\t\t\t\t\t\t<\/ul>\n\t<\/div>\n\t<div class=\"fusion-post-content post-content\"><h2 class=\"blog-shortcode-post-title entry-title\"><a href=\"https:\/\/knioch.pl\/de\/aktualnosci\/niebieski-bieg-z-dwojka\/\">&#x1f3c3;&#x200d;&#x2640;&#xfe0f; Niebieski Bieg z &#8222;Dw\u00f3jk\u0105&#8221; &#x1f31f;<\/a><\/h2><div class=\"fusion-post-content-container\"><p>Z rado\u015bci\u0105 chcemy podzieli\u0107 si\u0119 z Wami informacj\u0105, \u017ce w niedzielnym Niebieskim Biegu z \u201eDw\u00f3jk\u0105\u201d wzi\u0119\u0142o ...<\/p><\/div><\/div><div class=\"fusion-clearfix\"><\/div><\/article>\n<article id=\"blog-1-post-6488\" class=\"fusion-post-medium-alternate post-6488 post type-post status-publish format-standard has-post-thumbnail hentry category-aktualnosci\">\n<div class=\"fusion-date-and-formats\"><div class=\"fusion-date-box updated\"><span class=\"fusion-date\">8<\/span><span class=\"fusion-month-year\">04, 2025<\/span><\/div><div class=\"fusion-format-box\"><i class=\"fusion-icon-pen\" aria-hidden=\"true\"><\/i><\/div><\/div>\t<style type=\"text\/css\">\n\t\t\n\t\t\n\t\t\n\t\t\n\t\t\t<\/style>\n\n\n\t\t\t<div class=\"fusion-flexslider flexslider fusion-flexslider-loading fusion-post-slideshow\" style=\"\">\n\t\t<ul class=\"slides\">\n\t\t\t\n\t\t\t\t\t\t\t\t\t\t\t\t\t\t<li>\n\n<div  class=\"fusion-image-wrapper fusion-image-size-fixed\" aria-haspopup=\"true\">\n\t\n\t\n\t\n\t\t\n\t\t\t\t\t<img decoding=\"async\" width=\"320\" height=\"202\" src=\"https:\/\/knioch.pl\/wp-content\/uploads\/2025\/04\/Zdjecie-grupowe-Tallinn-Open-2025-320x202.jpg\" class=\"attachment-blog-medium size-blog-medium lazyload wp-post-image\" alt=\"\" srcset=\"data:image\/svg+xml,%3Csvg%20xmlns%3D%27http%3A%2F%2Fwww.w3.org%2F2000%2Fsvg%27%20width%3D%271576%27%20height%3D%271147%27%20viewBox%3D%270%200%201576%201147%27%3E%3Crect%20width%3D%271576%27%20height%3D%271147%27%20fill-opacity%3D%220%22%2F%3E%3C%2Fsvg%3E\" data-orig-src=\"https:\/\/knioch.pl\/wp-content\/uploads\/2025\/04\/Zdjecie-grupowe-Tallinn-Open-2025-320x202.jpg\" data-srcset=\"https:\/\/knioch.pl\/wp-content\/uploads\/2025\/04\/Zdjecie-grupowe-Tallinn-Open-2025-320x202.jpg 320w, https:\/\/knioch.pl\/wp-content\/uploads\/2025\/04\/Zdjecie-grupowe-Tallinn-Open-2025-700x441.jpg 700w\" data-sizes=\"auto\" \/>\n\t\n\n\t\t<div class=\"fusion-rollover\">\n\t<div class=\"fusion-rollover-content\">\n\n\t\t\t\t\n\t\t\n\t\t\t\t\t\t\t\t\n\t\t\t\t\t\t\t\t\n\t\t\n\t\t\t\t\t\t<a class=\"fusion-link-wrapper\" href=\"https:\/\/knioch.pl\/de\/aktualnosci\/mlodziezowy-turniej-zapasniczy-tallinn-open-2025\/\" aria-label=\"M\u0142odzie\u017cowy Turniej Zapa\u015bniczy &#8222;Tallinn Open 2025&#8221;\"><\/a>\n\t<\/div>\n<\/div>\n\n\t\n<\/div>\n<\/li>\n\t\t\t\n\t\t\t\n\t\t\t\t\t\t\t\t\t\t\t\t\t\t\t\t\t\t\t\t\t\t\t\t\t\t\t\t\t\t\t\t\t\t\t\t\t\t\t\t\t\t\t\t\t\t\t\t\t\t\t\t\t\t\t\t\t\t\t\t\t\t\t\t\t\t\t\t<\/ul>\n\t<\/div>\n\t<div class=\"fusion-post-content post-content\"><h2 class=\"blog-shortcode-post-title entry-title\"><a href=\"https:\/\/knioch.pl\/de\/aktualnosci\/mlodziezowy-turniej-zapasniczy-tallinn-open-2025\/\">M\u0142odzie\u017cowy Turniej Zapa\u015bniczy &#8222;Tallinn Open 2025&#8221;<\/a><\/h2><div class=\"fusion-post-content-container\"><p> W dniach 28-31 marca w Tallinie odby\u0142 si\u0119 wyj\u0105tkowy m\u0142odzie\u017cowy turniej zapa\u015bniczy, kt\u00f3ry zgromadzi\u0142 m\u0142odych ...<\/p><\/div><\/div><div class=\"fusion-clearfix\"><\/div><\/article>\n<article id=\"blog-1-post-6478\" class=\"fusion-post-medium-alternate post-6478 post type-post status-publish format-standard has-post-thumbnail hentry category-aktualnosci\">\n<div class=\"fusion-date-and-formats\"><div class=\"fusion-date-box updated\"><span class=\"fusion-date\">7<\/span><span class=\"fusion-month-year\">03, 2025<\/span><\/div><div class=\"fusion-format-box\"><i class=\"fusion-icon-pen\" aria-hidden=\"true\"><\/i><\/div><\/div>\t<style type=\"text\/css\">\n\t\t\n\t\t\n\t\t\n\t\t\n\t\t\t<\/style>\n\n\n\t\t\t<div class=\"fusion-flexslider flexslider fusion-flexslider-loading fusion-post-slideshow\" style=\"\">\n\t\t<ul class=\"slides\">\n\t\t\t\n\t\t\t\t\t\t\t\t\t\t\t\t\t\t<li>\n\n<div  class=\"fusion-image-wrapper fusion-image-size-fixed\" aria-haspopup=\"true\">\n\t\n\t\n\t\n\t\t\n\t\t\t\t\t<img decoding=\"async\" width=\"320\" height=\"202\" src=\"https:\/\/knioch.pl\/wp-content\/uploads\/2025\/03\/Bez-tytulu-320x202.png\" class=\"attachment-blog-medium size-blog-medium lazyload wp-post-image\" alt=\"\" srcset=\"data:image\/svg+xml,%3Csvg%20xmlns%3D%27http%3A%2F%2Fwww.w3.org%2F2000%2Fsvg%27%20width%3D%27768%27%20height%3D%27554%27%20viewBox%3D%270%200%20768%20554%27%3E%3Crect%20width%3D%27768%27%20height%3D%27554%27%20fill-opacity%3D%220%22%2F%3E%3C%2Fsvg%3E\" data-orig-src=\"https:\/\/knioch.pl\/wp-content\/uploads\/2025\/03\/Bez-tytulu-320x202.png\" data-srcset=\"https:\/\/knioch.pl\/wp-content\/uploads\/2025\/03\/Bez-tytulu-18x12.png 18w, https:\/\/knioch.pl\/wp-content\/uploads\/2025\/03\/Bez-tytulu-320x202.png 320w, https:\/\/knioch.pl\/wp-content\/uploads\/2025\/03\/Bez-tytulu-700x441.png 700w\" data-sizes=\"auto\" \/>\n\t\n\n\t\t<div class=\"fusion-rollover\">\n\t<div class=\"fusion-rollover-content\">\n\n\t\t\t\t\n\t\t\n\t\t\t\t\t\t\t\t\n\t\t\t\t\t\t\t\t\n\t\t\n\t\t\t\t\t\t<a class=\"fusion-link-wrapper\" href=\"https:\/\/knioch.pl\/de\/aktualnosci\/dzien-kobiet\/\" aria-label=\"Dzie\u0144 Kobiet&#x1f338;\"><\/a>\n\t<\/div>\n<\/div>\n\n\t\n<\/div>\n<\/li>\n\t\t\t\n\t\t\t\n\t\t\t\t\t\t\t\t\t\t\t\t\t\t\t\t\t\t\t\t\t\t\t\t\t\t\t\t\t\t\t\t\t\t\t\t\t\t\t\t\t\t\t\t\t\t\t\t\t\t\t\t\t\t\t\t\t\t\t\t\t\t\t\t\t\t\t\t<\/ul>\n\t<\/div>\n\t<div class=\"fusion-post-content post-content\"><h2 class=\"blog-shortcode-post-title entry-title\"><a href=\"https:\/\/knioch.pl\/de\/aktualnosci\/dzien-kobiet\/\">Dzie\u0144 Kobiet&#x1f338;<\/a><\/h2><div class=\"fusion-post-content-container\"><p>Z okazji tego wyj\u0105tkowego dnia \u017cyczymy Wam nieko\u0144cz\u0105cej si\u0119 rado\u015bci, spe\u0142nienia marze\u0144 i si\u0142y do pokonywania ...<\/p><\/div><\/div><div class=\"fusion-clearfix\"><\/div><\/article>\n<article id=\"blog-1-post-6454\" class=\"fusion-post-medium-alternate post-6454 post type-post status-publish format-standard has-post-thumbnail hentry category-aktualnosci\">\n<div class=\"fusion-date-and-formats\"><div class=\"fusion-date-box updated\"><span class=\"fusion-date\">18<\/span><span class=\"fusion-month-year\">02, 2025<\/span><\/div><div class=\"fusion-format-box\"><i class=\"fusion-icon-pen\" aria-hidden=\"true\"><\/i><\/div><\/div>\t<style type=\"text\/css\">\n\t\t\n\t\t\n\t\t\n\t\t\n\t\t\t<\/style>\n\n\n\t\t\t<div class=\"fusion-flexslider flexslider fusion-flexslider-loading fusion-post-slideshow\" style=\"\">\n\t\t<ul class=\"slides\">\n\t\t\t\n\t\t\t\t\t\t\t\t\t\t\t\t\t\t<li>\n\n<div  class=\"fusion-image-wrapper fusion-image-size-fixed\" aria-haspopup=\"true\">\n\t\n\t\n\t\n\t\t\n\t\t\t\t\t<img decoding=\"async\" width=\"320\" height=\"202\" src=\"https:\/\/knioch.pl\/wp-content\/uploads\/2025\/02\/serce-320x202.png\" class=\"attachment-blog-medium size-blog-medium lazyload wp-post-image\" alt=\"\" srcset=\"data:image\/svg+xml,%3Csvg%20xmlns%3D%27http%3A%2F%2Fwww.w3.org%2F2000%2Fsvg%27%20width%3D%27767%27%20height%3D%27507%27%20viewBox%3D%270%200%20767%20507%27%3E%3Crect%20width%3D%27767%27%20height%3D%27507%27%20fill-opacity%3D%220%22%2F%3E%3C%2Fsvg%3E\" data-orig-src=\"https:\/\/knioch.pl\/wp-content\/uploads\/2025\/02\/serce-320x202.png\" data-srcset=\"https:\/\/knioch.pl\/wp-content\/uploads\/2025\/02\/serce-18x12.png 18w, https:\/\/knioch.pl\/wp-content\/uploads\/2025\/02\/serce-24x16.png 24w, https:\/\/knioch.pl\/wp-content\/uploads\/2025\/02\/serce-36x24.png 36w, https:\/\/knioch.pl\/wp-content\/uploads\/2025\/02\/serce-320x202.png 320w, https:\/\/knioch.pl\/wp-content\/uploads\/2025\/02\/serce-700x441.png 700w\" data-sizes=\"auto\" \/>\n\t\n\n\t\t<div class=\"fusion-rollover\">\n\t<div class=\"fusion-rollover-content\">\n\n\t\t\t\t\n\t\t\n\t\t\t\t\t\t\t\t\n\t\t\t\t\t\t\t\t\n\t\t\n\t\t\t\t\t\t<a class=\"fusion-link-wrapper\" href=\"https:\/\/knioch.pl\/de\/aktualnosci\/usmiech-gajuni\/\" aria-label=\"U\u015bmiech Gajuni\"><\/a>\n\t<\/div>\n<\/div>\n\n\t\n<\/div>\n<\/li>\n\t\t\t\n\t\t\t\n\t\t\t\t\t\t\t\t\t\t\t\t\t\t\t\t\t\t\t\t\t\t\t\t\t\t\t\t\t\t\t\t\t\t\t\t\t\t\t\t\t\t\t\t\t\t\t\t\t\t\t\t\t\t\t\t\t\t\t\t\t\t\t\t\t\t\t\t<\/ul>\n\t<\/div>\n\t<div class=\"fusion-post-content post-content\"><h2 class=\"blog-shortcode-post-title entry-title\"><a href=\"https:\/\/knioch.pl\/de\/aktualnosci\/usmiech-gajuni\/\">U\u015bmiech Gajuni<\/a><\/h2><div class=\"fusion-post-content-container\"><p>Podsumowanie Akcji Charytatywnej! Dzi\u0119kujemy wszystkim, kt\u00f3rzy dorzucili swoj\u0105 z\u0142ot\u00f3wk\u0119 w naszej zbi\u00f3rce na Dniu Miko\u0142ajkowym 2024! ...<\/p><\/div><\/div><div class=\"fusion-clearfix\"><\/div><\/article>\n<article id=\"blog-1-post-6429\" class=\"fusion-post-medium-alternate post-6429 post type-post status-publish format-standard has-post-thumbnail hentry category-aktualnosci\">\n<div class=\"fusion-date-and-formats\"><div class=\"fusion-date-box updated\"><span class=\"fusion-date\">24<\/span><span class=\"fusion-month-year\">12, 2024<\/span><\/div><div class=\"fusion-format-box\"><i class=\"fusion-icon-pen\" aria-hidden=\"true\"><\/i><\/div><\/div>\t<style type=\"text\/css\">\n\t\t\n\t\t\n\t\t\n\t\t\n\t\t\t<\/style>\n\n\n\t\t\t<div class=\"fusion-flexslider flexslider fusion-flexslider-loading fusion-post-slideshow\" style=\"\">\n\t\t<ul class=\"slides\">\n\t\t\t\n\t\t\t\t\t\t\t\t\t\t\t\t\t\t<li>\n\n<div  class=\"fusion-image-wrapper fusion-image-size-fixed\" aria-haspopup=\"true\">\n\t\n\t\n\t\n\t\t\n\t\t\t\t\t<img decoding=\"async\" width=\"320\" height=\"202\" src=\"https:\/\/knioch.pl\/wp-content\/uploads\/2024\/11\/Kartka-swiateczna-aktualna-002-320x202.png\" class=\"attachment-blog-medium size-blog-medium lazyload wp-post-image\" alt=\"\" srcset=\"data:image\/svg+xml,%3Csvg%20xmlns%3D%27http%3A%2F%2Fwww.w3.org%2F2000%2Fsvg%27%20width%3D%27923%27%20height%3D%27918%27%20viewBox%3D%270%200%20923%20918%27%3E%3Crect%20width%3D%27923%27%20height%3D%27918%27%20fill-opacity%3D%220%22%2F%3E%3C%2Fsvg%3E\" data-orig-src=\"https:\/\/knioch.pl\/wp-content\/uploads\/2024\/11\/Kartka-swiateczna-aktualna-002-320x202.png\" data-srcset=\"https:\/\/knioch.pl\/wp-content\/uploads\/2024\/11\/Kartka-swiateczna-aktualna-002-320x202.png 320w, https:\/\/knioch.pl\/wp-content\/uploads\/2024\/11\/Kartka-swiateczna-aktualna-002-700x441.png 700w\" data-sizes=\"auto\" \/>\n\t\n\n\t\t<div class=\"fusion-rollover\">\n\t<div class=\"fusion-rollover-content\">\n\n\t\t\t\t\n\t\t\n\t\t\t\t\t\t\t\t\n\t\t\t\t\t\t\t\t\n\t\t\n\t\t\t\t\t\t<a class=\"fusion-link-wrapper\" href=\"https:\/\/knioch.pl\/de\/aktualnosci\/wesolych-swiat-i-szczesliwego-nowego-roku\/\" aria-label=\"Weso\u0142ych \u015awi\u0105t i szcz\u0119\u015bliwego Nowego Roku &#x1f38a;\"><\/a>\n\t<\/div>\n<\/div>\n\n\t\n<\/div>\n<\/li>\n\t\t\t\n\t\t\t\n\t\t\t\t\t\t\t\t\t\t\t\t\t\t\t\t\t\t\t\t\t\t\t\t\t\t\t\t\t\t\t\t\t\t\t\t\t\t\t\t\t\t\t\t\t\t\t\t\t\t\t\t\t\t\t\t\t\t\t\t\t\t\t\t\t\t\t\t<\/ul>\n\t<\/div>\n\t<div class=\"fusion-post-content post-content\"><h2 class=\"blog-shortcode-post-title entry-title\"><a href=\"https:\/\/knioch.pl\/de\/aktualnosci\/wesolych-swiat-i-szczesliwego-nowego-roku\/\">Weso\u0142ych \u015awi\u0105t i szcz\u0119\u015bliwego Nowego Roku &#x1f38a;<\/a><\/h2><div class=\"fusion-post-content-container\"><p> Niech nadchodz\u0105ce \u015awi\u0119ta b\u0119d\u0105 radosne, zdrowe i mi\u0142e, a Nowy Rok przyniesie spe\u0142nienie najskrytszych marze\u0144 ...<\/p><\/div><\/div><div class=\"fusion-clearfix\"><\/div><\/article>\n<article id=\"blog-1-post-6432\" class=\"fusion-post-medium-alternate post-6432 post type-post status-publish format-standard hentry category-aktualnosci\">\n<div class=\"fusion-date-and-formats\"><div class=\"fusion-date-box updated\"><span class=\"fusion-date\">9<\/span><span class=\"fusion-month-year\">12, 2024<\/span><\/div><div class=\"fusion-format-box\"><i class=\"fusion-icon-pen\" aria-hidden=\"true\"><\/i><\/div><\/div>\t<style type=\"text\/css\">\n\t\t\n\t\t\n\t\t\n\t\t\n\t\t\t<\/style>\n\n\n<div class=\"fusion-post-content post-content\"><h2 class=\"blog-shortcode-post-title entry-title\"><a href=\"https:\/\/knioch.pl\/de\/aktualnosci\/wycieczka-zsr-w-naszej-firmie\/\">Wycieczka ZSR w naszej Firmie &#x1f60e;<\/a><\/h2><div class=\"fusion-post-content-container\"><p> W dniu 05.12.2024 uczniowie Zespo\u0142u Szk\u00f3\u0142 Rolniczych w \u015arodzie Wielkopolskiej odwiedzili nasz\u0105 firm\u0119 w celu ...<\/p><\/div><\/div><div class=\"fusion-clearfix\"><\/div><\/article>\n<article id=\"blog-1-post-6422\" class=\"fusion-post-medium-alternate post-6422 post type-post status-publish format-standard has-post-thumbnail hentry category-aktualnosci\">\n<div class=\"fusion-date-and-formats\"><div class=\"fusion-date-box updated\"><span class=\"fusion-date\">22<\/span><span class=\"fusion-month-year\">11, 2024<\/span><\/div><div class=\"fusion-format-box\"><i class=\"fusion-icon-pen\" aria-hidden=\"true\"><\/i><\/div><\/div>\t<style type=\"text\/css\">\n\t\t\n\t\t\n\t\t\n\t\t\n\t\t\t<\/style>\n\n\n\t\t\t<div class=\"fusion-flexslider flexslider fusion-flexslider-loading fusion-post-slideshow\" style=\"\">\n\t\t<ul class=\"slides\">\n\t\t\t\n\t\t\t\t\t\t\t\t\t\t\t\t\t\t<li>\n\n<div  class=\"fusion-image-wrapper fusion-image-size-fixed\" aria-haspopup=\"true\">\n\t\n\t\n\t\n\t\t\n\t\t\t\t\t<img decoding=\"async\" width=\"320\" height=\"202\" src=\"https:\/\/knioch.pl\/wp-content\/uploads\/2024\/11\/grupowe-320x202.png\" class=\"attachment-blog-medium size-blog-medium lazyload wp-post-image\" alt=\"\" srcset=\"data:image\/svg+xml,%3Csvg%20xmlns%3D%27http%3A%2F%2Fwww.w3.org%2F2000%2Fsvg%27%20width%3D%272048%27%20height%3D%271536%27%20viewBox%3D%270%200%202048%201536%27%3E%3Crect%20width%3D%272048%27%20height%3D%271536%27%20fill-opacity%3D%220%22%2F%3E%3C%2Fsvg%3E\" data-orig-src=\"https:\/\/knioch.pl\/wp-content\/uploads\/2024\/11\/grupowe-320x202.png\" data-srcset=\"https:\/\/knioch.pl\/wp-content\/uploads\/2024\/11\/grupowe-320x202.png 320w, https:\/\/knioch.pl\/wp-content\/uploads\/2024\/11\/grupowe-700x441.png 700w\" data-sizes=\"auto\" \/>\n\t\n\n\t\t<div class=\"fusion-rollover\">\n\t<div class=\"fusion-rollover-content\">\n\n\t\t\t\t\n\t\t\n\t\t\t\t\t\t\t\t\n\t\t\t\t\t\t\t\t\n\t\t\n\t\t\t\t\t\t<a class=\"fusion-link-wrapper\" href=\"https:\/\/knioch.pl\/de\/aktualnosci\/jestesmy-bardzo-dumni\/\" aria-label=\"&#x1f389; Jeste\u015bmy bardzo dumni! &#x1f389;\"><\/a>\n\t<\/div>\n<\/div>\n\n\t\n<\/div>\n<\/li>\n\t\t\t\n\t\t\t\n\t\t\t\t\t\t\t\t\t\t\t\t\t\t\t\t\t\t\t\t\t\t\t\t\t\t\t\t\t\t\t\t\t\t\t\t\t\t\t\t\t\t\t\t\t\t\t\t\t\t\t\t\t\t\t\t\t\t\t\t\t\t\t\t\t\t\t\t<\/ul>\n\t<\/div>\n\t<div class=\"fusion-post-content post-content\"><h2 class=\"blog-shortcode-post-title entry-title\"><a href=\"https:\/\/knioch.pl\/de\/aktualnosci\/jestesmy-bardzo-dumni\/\">&#x1f389; Jeste\u015bmy bardzo dumni! &#x1f389;<\/a><\/h2><div class=\"fusion-post-content-container\"><p> Z przyjemno\u015bci\u0105 dzielimy si\u0119 z Wami wspania\u0142\u0105 wiadomo\u015bci\u0105 \u2013 uda\u0142o nam si\u0119 zaj\u0105\u0107 3. miejsce ...<\/p><\/div><\/div><div class=\"fusion-clearfix\"><\/div><\/article>\n<article id=\"blog-1-post-6418\" class=\"fusion-post-medium-alternate post-6418 post type-post status-publish format-standard has-post-thumbnail hentry category-aktualnosci\">\n<div class=\"fusion-date-and-formats\"><div class=\"fusion-date-box updated\"><span class=\"fusion-date\">8<\/span><span class=\"fusion-month-year\">11, 2024<\/span><\/div><div class=\"fusion-format-box\"><i class=\"fusion-icon-pen\" aria-hidden=\"true\"><\/i><\/div><\/div>\t<style type=\"text\/css\">\n\t\t\n\t\t\n\t\t\n\t\t\n\t\t\t<\/style>\n\n\n\t\t\t<div class=\"fusion-flexslider flexslider fusion-flexslider-loading fusion-post-slideshow\" style=\"\">\n\t\t<ul class=\"slides\">\n\t\t\t\n\t\t\t\t\t\t\t\t\t\t\t\t\t\t<li>\n\n<div  class=\"fusion-image-wrapper fusion-image-size-fixed\" aria-haspopup=\"true\">\n\t\n\t\n\t\n\t\t\n\t\t\t\t\t<img decoding=\"async\" width=\"320\" height=\"202\" src=\"https:\/\/knioch.pl\/wp-content\/uploads\/2024\/11\/IMG_9492-320x202.jpg\" class=\"attachment-blog-medium size-blog-medium lazyload wp-post-image\" alt=\"\" srcset=\"data:image\/svg+xml,%3Csvg%20xmlns%3D%27http%3A%2F%2Fwww.w3.org%2F2000%2Fsvg%27%20width%3D%272560%27%20height%3D%271540%27%20viewBox%3D%270%200%202560%201540%27%3E%3Crect%20width%3D%272560%27%20height%3D%271540%27%20fill-opacity%3D%220%22%2F%3E%3C%2Fsvg%3E\" data-orig-src=\"https:\/\/knioch.pl\/wp-content\/uploads\/2024\/11\/IMG_9492-320x202.jpg\" data-srcset=\"https:\/\/knioch.pl\/wp-content\/uploads\/2024\/11\/IMG_9492-18x12.jpg 18w, https:\/\/knioch.pl\/wp-content\/uploads\/2024\/11\/IMG_9492-24x14.jpg 24w, https:\/\/knioch.pl\/wp-content\/uploads\/2024\/11\/IMG_9492-36x22.jpg 36w, https:\/\/knioch.pl\/wp-content\/uploads\/2024\/11\/IMG_9492-48x29.jpg 48w, https:\/\/knioch.pl\/wp-content\/uploads\/2024\/11\/IMG_9492-320x202.jpg 320w, https:\/\/knioch.pl\/wp-content\/uploads\/2024\/11\/IMG_9492-700x441.jpg 700w\" data-sizes=\"auto\" \/>\n\t\n\n\t\t<div class=\"fusion-rollover\">\n\t<div class=\"fusion-rollover-content\">\n\n\t\t\t\t\n\t\t\n\t\t\t\t\t\t\t\t\n\t\t\t\t\t\t\t\t\n\t\t\n\t\t\t\t\t\t<a class=\"fusion-link-wrapper\" href=\"https:\/\/knioch.pl\/de\/aktualnosci\/rogalowa-uczta\/\" aria-label=\"&#8222;Rogalowa&#8221; uczta\"><\/a>\n\t<\/div>\n<\/div>\n\n\t\n<\/div>\n<\/li>\n\t\t\t\n\t\t\t\n\t\t\t\t\t\t\t\t\t\t\t\t\t\t\t\t\t\t\t\t\t\t\t\t\t\t\t\t\t\t\t\t\t\t\t\t\t\t\t\t\t\t\t\t\t\t\t\t\t\t\t\t\t\t\t\t\t\t\t\t\t\t\t\t\t\t\t\t<\/ul>\n\t<\/div>\n\t<div class=\"fusion-post-content post-content\"><h2 class=\"blog-shortcode-post-title entry-title\"><a href=\"https:\/\/knioch.pl\/de\/aktualnosci\/rogalowa-uczta\/\">&#8222;Rogalowa&#8221; uczta<\/a><\/h2><div class=\"fusion-post-content-container\"><p> Rogal \u015awi\u0119tomarci\u0144ski \u2013 tradycja z histori\u0105! Czy wiedzieli\u015bcie, \u017ce rogal \u015bwi\u0119tomarci\u0144ski to nie tylko pyszny ...<\/p><\/div><\/div><div class=\"fusion-clearfix\"><\/div><\/article>\n<article id=\"blog-1-post-6412\" class=\"fusion-post-medium-alternate post-6412 post type-post status-publish format-standard has-post-thumbnail hentry category-aktualnosci\">\n<div class=\"fusion-date-and-formats\"><div class=\"fusion-date-box updated\"><span class=\"fusion-date\">31<\/span><span class=\"fusion-month-year\">10, 2024<\/span><\/div><div class=\"fusion-format-box\"><i class=\"fusion-icon-pen\" aria-hidden=\"true\"><\/i><\/div><\/div>\t<style type=\"text\/css\">\n\t\t\n\t\t\n\t\t\n\t\t\n\t\t\t<\/style>\n\n\n\t\t\t<div class=\"fusion-flexslider flexslider fusion-flexslider-loading fusion-post-slideshow\" style=\"\">\n\t\t<ul class=\"slides\">\n\t\t\t\n\t\t\t\t\t\t\t\t\t\t\t\t\t\t<li>\n\n<div  class=\"fusion-image-wrapper fusion-image-size-fixed\" aria-haspopup=\"true\">\n\t\n\t\n\t\n\t\t\n\t\t\t\t\t<img decoding=\"async\" width=\"143\" height=\"202\" src=\"data:image\/gif;base64,R0lGODlhAQABAAAAACH5BAEKAAEALAAAAAABAAEAAAICTAEAOw==\" class=\"attachment-blog-medium size-blog-medium lazyload wp-post-image\" alt=\"\" data-orig-src=\"https:\/\/knioch.pl\/wp-content\/uploads\/2024\/10\/Podziekowania-1-pdf.jpg\" \/>\n\t\n\n\t\t<div class=\"fusion-rollover\">\n\t<div class=\"fusion-rollover-content\">\n\n\t\t\t\t\n\t\t\n\t\t\t\t\t\t\t\t\n\t\t\t\t\t\t\t\t\n\t\t\n\t\t\t\t\t\t<a class=\"fusion-link-wrapper\" href=\"https:\/\/knioch.pl\/de\/aktualnosci\/7-edycja-nocy-zawodowcow\/\" aria-label=\"7 Edycja Nocy Zawodowc\u00f3w\"><\/a>\n\t<\/div>\n<\/div>\n\n\t\n<\/div>\n<\/li>\n\t\t\t\n\t\t\t\n\t\t\t\t\t\t\t\t\t\t\t\t\t\t\t\t\t\t\t\t\t\t\t\t\t\t\t\t\t\t\t\t\t\t\t\t\t\t\t\t\t\t\t\t\t\t\t\t\t\t\t\t\t\t\t\t\t\t\t\t\t\t\t\t\t\t\t\t<\/ul>\n\t<\/div>\n\t<div class=\"fusion-post-content post-content\"><h2 class=\"blog-shortcode-post-title entry-title\"><a href=\"https:\/\/knioch.pl\/de\/aktualnosci\/7-edycja-nocy-zawodowcow\/\">7 Edycja Nocy Zawodowc\u00f3w<\/a><\/h2><div class=\"fusion-post-content-container\"><p> Ostatnio mieli\u015bmy przyjemno\u015b\u0107 uczestniczy\u0107 w 7 Edycji Nocy Zawodowc\u00f3w, kt\u00f3ra odby\u0142a si\u0119 w CKZiU. Jest ...<\/p><\/div><\/div><div class=\"fusion-clearfix\"><\/div><\/article>\n<article id=\"blog-1-post-6405\" class=\"fusion-post-medium-alternate post-6405 post type-post status-publish format-standard has-post-thumbnail hentry category-aktualnosci\">\n<div class=\"fusion-date-and-formats\"><div class=\"fusion-date-box updated\"><span class=\"fusion-date\">24<\/span><span class=\"fusion-month-year\">10, 2024<\/span><\/div><div class=\"fusion-format-box\"><i class=\"fusion-icon-pen\" aria-hidden=\"true\"><\/i><\/div><\/div>\t<style type=\"text\/css\">\n\t\t\n\t\t\n\t\t\n\t\t\n\t\t\t<\/style>\n\n\n\t\t\t<div class=\"fusion-flexslider flexslider fusion-flexslider-loading fusion-post-slideshow\" style=\"\">\n\t\t<ul class=\"slides\">\n\t\t\t\n\t\t\t\t\t\t\t\t\t\t\t\t\t\t<li>\n\n<div  class=\"fusion-image-wrapper fusion-image-size-fixed\" aria-haspopup=\"true\">\n\t\n\t\n\t\n\t\t\n\t\t\t\t\t<img decoding=\"async\" width=\"320\" height=\"202\" src=\"https:\/\/knioch.pl\/wp-content\/uploads\/2024\/10\/Messenger_creation_8443599212104591-320x202.jpeg\" class=\"attachment-blog-medium size-blog-medium lazyload wp-post-image\" alt=\"\" srcset=\"data:image\/svg+xml,%3Csvg%20xmlns%3D%27http%3A%2F%2Fwww.w3.org%2F2000%2Fsvg%27%20width%3D%272000%27%20height%3D%271500%27%20viewBox%3D%270%200%202000%201500%27%3E%3Crect%20width%3D%272000%27%20height%3D%271500%27%20fill-opacity%3D%220%22%2F%3E%3C%2Fsvg%3E\" data-orig-src=\"https:\/\/knioch.pl\/wp-content\/uploads\/2024\/10\/Messenger_creation_8443599212104591-320x202.jpeg\" data-srcset=\"https:\/\/knioch.pl\/wp-content\/uploads\/2024\/10\/Messenger_creation_8443599212104591-320x202.jpeg 320w, https:\/\/knioch.pl\/wp-content\/uploads\/2024\/10\/Messenger_creation_8443599212104591-700x441.jpeg 700w\" data-sizes=\"auto\" \/>\n\t\n\n\t\t<div class=\"fusion-rollover\">\n\t<div class=\"fusion-rollover-content\">\n\n\t\t\t\t\n\t\t\n\t\t\t\t\t\t\t\t\n\t\t\t\t\t\t\t\t\n\t\t\n\t\t\t\t\t\t<a class=\"fusion-link-wrapper\" href=\"https:\/\/knioch.pl\/de\/aktualnosci\/ix-bieg-nadziei\/\" aria-label=\"IX BIEG NADZIEI\"><\/a>\n\t<\/div>\n<\/div>\n\n\t\n<\/div>\n<\/li>\n\t\t\t\n\t\t\t\n\t\t\t\t\t\t\t\t\t\t\t\t\t\t\t\t\t\t\t\t\t\t\t\t\t\t\t\t\t\t\t\t\t\t\t\t\t\t\t\t\t\t\t\t\t\t\t\t\t\t\t\t\t\t\t\t\t\t\t\t\t\t\t\t\t\t\t\t<\/ul>\n\t<\/div>\n\t<div class=\"fusion-post-content post-content\"><h2 class=\"blog-shortcode-post-title entry-title\"><a href=\"https:\/\/knioch.pl\/de\/aktualnosci\/ix-bieg-nadziei\/\">IX BIEG NADZIEI<\/a><\/h2><div class=\"fusion-post-content-container\"><p> 22 wrze\u015bnia licznie wystartowali\u015bmy w IX Biegu Nadziei\ud83d\ude0d Jak my lubimy takie akcje, gdzie mo\u017cna ...<\/p><\/div><\/div><div class=\"fusion-clearfix\"><\/div><\/article>\n<article id=\"blog-1-post-6384\" class=\"fusion-post-medium-alternate post-6384 post type-post status-publish format-standard has-post-thumbnail hentry category-aktualnosci\">\n<div class=\"fusion-date-and-formats\"><div class=\"fusion-date-box updated\"><span class=\"fusion-date\">27<\/span><span class=\"fusion-month-year\">06, 2024<\/span><\/div><div class=\"fusion-format-box\"><i class=\"fusion-icon-pen\" aria-hidden=\"true\"><\/i><\/div><\/div>\t<style type=\"text\/css\">\n\t\t\n\t\t\n\t\t\n\t\t\n\t\t\t<\/style>\n\n\n\t\t\t<div class=\"fusion-flexslider flexslider fusion-flexslider-loading fusion-post-slideshow\" style=\"\">\n\t\t<ul class=\"slides\">\n\t\t\t\n\t\t\t\t\t\t\t\t\t\t\t\t\t\t<li>\n\n<div  class=\"fusion-image-wrapper fusion-image-size-fixed\" aria-haspopup=\"true\">\n\t\n\t\n\t\n\t\t\n\t\t\t\t\t<img decoding=\"async\" width=\"320\" height=\"202\" src=\"https:\/\/knioch.pl\/wp-content\/uploads\/2024\/06\/448785063_1036039451856906_4501400449480694444_n-320x202.jpg\" class=\"attachment-blog-medium size-blog-medium lazyload wp-post-image\" alt=\"\" srcset=\"data:image\/svg+xml,%3Csvg%20xmlns%3D%27http%3A%2F%2Fwww.w3.org%2F2000%2Fsvg%27%20width%3D%27774%27%20height%3D%27484%27%20viewBox%3D%270%200%20774%20484%27%3E%3Crect%20width%3D%27774%27%20height%3D%27484%27%20fill-opacity%3D%220%22%2F%3E%3C%2Fsvg%3E\" data-orig-src=\"https:\/\/knioch.pl\/wp-content\/uploads\/2024\/06\/448785063_1036039451856906_4501400449480694444_n-320x202.jpg\" data-srcset=\"https:\/\/knioch.pl\/wp-content\/uploads\/2024\/06\/448785063_1036039451856906_4501400449480694444_n-18x12.jpg 18w, https:\/\/knioch.pl\/wp-content\/uploads\/2024\/06\/448785063_1036039451856906_4501400449480694444_n-24x15.jpg 24w, https:\/\/knioch.pl\/wp-content\/uploads\/2024\/06\/448785063_1036039451856906_4501400449480694444_n-36x23.jpg 36w, https:\/\/knioch.pl\/wp-content\/uploads\/2024\/06\/448785063_1036039451856906_4501400449480694444_n-48x30.jpg 48w, https:\/\/knioch.pl\/wp-content\/uploads\/2024\/06\/448785063_1036039451856906_4501400449480694444_n-200x125.jpg 200w, https:\/\/knioch.pl\/wp-content\/uploads\/2024\/06\/448785063_1036039451856906_4501400449480694444_n-300x188.jpg 300w, https:\/\/knioch.pl\/wp-content\/uploads\/2024\/06\/448785063_1036039451856906_4501400449480694444_n-320x202.jpg 320w, https:\/\/knioch.pl\/wp-content\/uploads\/2024\/06\/448785063_1036039451856906_4501400449480694444_n-700x441.jpg 700w\" data-sizes=\"auto\" \/>\n\t\n\n\t\t<div class=\"fusion-rollover\">\n\t<div class=\"fusion-rollover-content\">\n\n\t\t\t\t\n\t\t\n\t\t\t\t\t\t\t\t\n\t\t\t\t\t\t\t\t\n\t\t\n\t\t\t\t\t\t<a class=\"fusion-link-wrapper\" href=\"https:\/\/knioch.pl\/de\/aktualnosci\/zakonczenie-roku-szkolnego\/\" aria-label=\"Zako\u0144czenie roku szkolnego\"><\/a>\n\t<\/div>\n<\/div>\n\n\t\n<\/div>\n<\/li>\n\t\t\t\n\t\t\t\n\t\t\t\t\t\t\t\t\t\t\t\t\t\t\t\t\t\t\t\t\t\t\t\t\t\t\t\t\t\t\t\t\t\t\t\t\t\t\t\t\t\t\t\t\t\t\t\t\t\t\t\t\t\t\t\t\t\t\t\t\t\t\t\t\t\t\t\t<\/ul>\n\t<\/div>\n\t<div class=\"fusion-post-content post-content\"><h2 class=\"blog-shortcode-post-title entry-title\"><a href=\"https:\/\/knioch.pl\/de\/aktualnosci\/zakonczenie-roku-szkolnego\/\">Zako\u0144czenie roku szkolnego<\/a><\/h2><div class=\"fusion-post-content-container\"><p> Witajcie, nie mog\u0142o nas zabrakn\u0105\u0107 na zako\u0144czeniu roku w Zesp\u00f3\u0142 Szk\u00f3\u0142 Rolniczych w \u015arodzie Wielkopolskiej ...<\/p><\/div><\/div><div class=\"fusion-clearfix\"><\/div><\/article>\n<article id=\"blog-1-post-6366\" class=\"fusion-post-medium-alternate post-6366 post type-post status-publish format-standard has-post-thumbnail hentry category-aktualnosci\">\n<div class=\"fusion-date-and-formats\"><div class=\"fusion-date-box updated\"><span class=\"fusion-date\">12<\/span><span class=\"fusion-month-year\">06, 2024<\/span><\/div><div class=\"fusion-format-box\"><i class=\"fusion-icon-pen\" aria-hidden=\"true\"><\/i><\/div><\/div>\t<style type=\"text\/css\">\n\t\t\n\t\t\n\t\t\n\t\t\n\t\t\t<\/style>\n\n\n\t\t\t<div class=\"fusion-flexslider flexslider fusion-flexslider-loading fusion-post-slideshow\" style=\"\">\n\t\t<ul class=\"slides\">\n\t\t\t\n\t\t\t\t\t\t\t\t\t\t\t\t\t\t<li>\n\n<div  class=\"fusion-image-wrapper fusion-image-size-fixed\" aria-haspopup=\"true\">\n\t\n\t\n\t\n\t\t\n\t\t\t\t\t<img decoding=\"async\" width=\"320\" height=\"202\" src=\"https:\/\/knioch.pl\/wp-content\/uploads\/2024\/06\/plakat-dzien-dziecka-320x202.jpg\" class=\"attachment-blog-medium size-blog-medium lazyload wp-post-image\" alt=\"\" srcset=\"data:image\/svg+xml,%3Csvg%20xmlns%3D%27http%3A%2F%2Fwww.w3.org%2F2000%2Fsvg%27%20width%3D%271574%27%20height%3D%271968%27%20viewBox%3D%270%200%201574%201968%27%3E%3Crect%20width%3D%271574%27%20height%3D%271968%27%20fill-opacity%3D%220%22%2F%3E%3C%2Fsvg%3E\" data-orig-src=\"https:\/\/knioch.pl\/wp-content\/uploads\/2024\/06\/plakat-dzien-dziecka-320x202.jpg\" data-srcset=\"https:\/\/knioch.pl\/wp-content\/uploads\/2024\/06\/plakat-dzien-dziecka-320x202.jpg 320w, https:\/\/knioch.pl\/wp-content\/uploads\/2024\/06\/plakat-dzien-dziecka-700x441.jpg 700w\" data-sizes=\"auto\" \/>\n\t\n\n\t\t<div class=\"fusion-rollover\">\n\t<div class=\"fusion-rollover-content\">\n\n\t\t\t\t\n\t\t\n\t\t\t\t\t\t\t\t\n\t\t\t\t\t\t\t\t\n\t\t\n\t\t\t\t\t\t<a class=\"fusion-link-wrapper\" href=\"https:\/\/knioch.pl\/de\/dzien-dziecka-2024\/\" aria-label=\"Dzie\u0144 Dziecka 2024\"><\/a>\n\t<\/div>\n<\/div>\n\n\t\n<\/div>\n<\/li>\n\t\t\t\n\t\t\t\n\t\t\t\t\t\t\t\t\t\t\t\t\t\t\t\t\t\t\t\t\t\t\t\t\t\t\t\t\t\t\t\t\t\t\t\t\t\t\t\t\t\t\t\t\t\t\t\t\t\t\t\t\t\t\t\t\t\t\t\t\t\t\t\t\t\t\t\t<\/ul>\n\t<\/div>\n\t<div class=\"fusion-post-content post-content\"><h2 class=\"blog-shortcode-post-title entry-title\"><a href=\"https:\/\/knioch.pl\/de\/dzien-dziecka-2024\/\">Dzie\u0144 Dziecka 2024<\/a><\/h2><div class=\"fusion-post-content-container\"><p> Dnia 08.06.2024 odby\u0142 si\u0119 Dzie\u0144 Dziecka. Nasi Pracownicy licznie przybyli z rodzinami, przyjaci\u00f3\u0142mi- bardzo nas ...<\/p><\/div><\/div><div class=\"fusion-clearfix\"><\/div><\/article>\n<article id=\"blog-1-post-6356\" class=\"fusion-post-medium-alternate post-6356 post type-post status-publish format-standard has-post-thumbnail hentry category-aktualnosci\">\n<div class=\"fusion-date-and-formats\"><div class=\"fusion-date-box updated\"><span class=\"fusion-date\">15<\/span><span class=\"fusion-month-year\">05, 2024<\/span><\/div><div class=\"fusion-format-box\"><i class=\"fusion-icon-pen\" aria-hidden=\"true\"><\/i><\/div><\/div>\t<style type=\"text\/css\">\n\t\t\n\t\t\n\t\t\n\t\t\n\t\t\t<\/style>\n\n\n\t\t\t<div class=\"fusion-flexslider flexslider fusion-flexslider-loading fusion-post-slideshow\" style=\"\">\n\t\t<ul class=\"slides\">\n\t\t\t\n\t\t\t\t\t\t\t\t\t\t\t\t\t\t<li>\n\n<div  class=\"fusion-image-wrapper fusion-image-size-fixed\" aria-haspopup=\"true\">\n\t\n\t\n\t\n\t\t\n\t\t\t\t\t<img decoding=\"async\" width=\"320\" height=\"202\" src=\"https:\/\/knioch.pl\/wp-content\/uploads\/2024\/05\/Bieg-Charytatywny-3-320x202.png\" class=\"attachment-blog-medium size-blog-medium lazyload wp-post-image\" alt=\"\" srcset=\"data:image\/svg+xml,%3Csvg%20xmlns%3D%27http%3A%2F%2Fwww.w3.org%2F2000%2Fsvg%27%20width%3D%272000%27%20height%3D%271500%27%20viewBox%3D%270%200%202000%201500%27%3E%3Crect%20width%3D%272000%27%20height%3D%271500%27%20fill-opacity%3D%220%22%2F%3E%3C%2Fsvg%3E\" data-orig-src=\"https:\/\/knioch.pl\/wp-content\/uploads\/2024\/05\/Bieg-Charytatywny-3-320x202.png\" data-srcset=\"https:\/\/knioch.pl\/wp-content\/uploads\/2024\/05\/Bieg-Charytatywny-3-320x202.png 320w, https:\/\/knioch.pl\/wp-content\/uploads\/2024\/05\/Bieg-Charytatywny-3-700x441.png 700w\" data-sizes=\"auto\" \/>\n\t\n\n\t\t<div class=\"fusion-rollover\">\n\t<div class=\"fusion-rollover-content\">\n\n\t\t\t\t\n\t\t\n\t\t\t\t\t\t\t\t\n\t\t\t\t\t\t\t\t\n\t\t\n\t\t\t\t\t\t<a class=\"fusion-link-wrapper\" href=\"https:\/\/knioch.pl\/de\/aktualnosci\/charytatywny-bieg-dla-adasia\/\" aria-label=\"Charytatywny Bieg dla Adasia\"><\/a>\n\t<\/div>\n<\/div>\n\n\t\n<\/div>\n<\/li>\n\t\t\t\n\t\t\t\n\t\t\t\t\t\t\t\t\t\t\t\t\t\t\t\t\t\t\t\t\t\t\t\t\t\t\t\t\t\t\t\t\t\t\t\t\t\t\t\t\t\t\t\t\t\t\t\t\t\t\t\t\t\t\t\t\t\t\t\t\t\t\t\t\t\t\t\t<\/ul>\n\t<\/div>\n\t<div class=\"fusion-post-content post-content\"><h2 class=\"blog-shortcode-post-title entry-title\"><a href=\"https:\/\/knioch.pl\/de\/aktualnosci\/charytatywny-bieg-dla-adasia\/\">Charytatywny Bieg dla Adasia<\/a><\/h2><div class=\"fusion-post-content-container\"><p>Miniony weekend min\u0105\u0142 bardzo aktywnie. Nasi pracownicy wzi\u0119li udzia\u0142 w charytatywnym Biegu dla Adasia. Przekazali\u015bmy r\u00f3wnie\u017c ...<\/p><\/div><\/div><div class=\"fusion-clearfix\"><\/div><\/article>\n<\/div><div class=\"fusion-infinite-scroll-trigger\"><\/div><div class=\"pagination infinite-scroll clearfix\" style=\"display:none;\"><span class=\"current\">1<\/span><a href=\"https:\/\/knioch.pl\/de\/wp-json\/wp\/v2\/pages\/4439\/page\/2\/\" class=\"inactive\">2<\/a><a class=\"pagination-next\" rel=\"next\" href=\"https:\/\/knioch.pl\/de\/wp-json\/wp\/v2\/pages\/4439\/page\/2\/\"><span class=\"page-text\">Next<\/span><span class=\"page-next\"><\/span><\/a><\/div><div class=\"fusion-clearfix\"><\/div><\/div><\/div><style type=\"text\/css\">.fusion-body .fusion-builder-column-1{width:100% !important;margin-top : 100px;margin-bottom : 20px;}.fusion-builder-column-1 > .fusion-column-wrapper {padding-top : 0px !important;padding-right : 0px !important;margin-right : 1.92%;padding-bottom : 0px !important;padding-left : 0px !important;margin-left : 1.92%;}@media only screen and (max-width:1024px) {.fusion-body .fusion-builder-column-1{width:100% !important;order : 0;}.fusion-builder-column-1 > .fusion-column-wrapper {margin-right : 1.92%;margin-left : 1.92%;}}@media only screen and (max-width:640px) {.fusion-body .fusion-builder-column-1{width:100% !important;order : 0;}.fusion-builder-column-1 > .fusion-column-wrapper {margin-right : 1.92%;margin-left : 1.92%;}}<\/style><\/div><\/div><style type=\"text\/css\">.fusion-body .fusion-flex-container.fusion-builder-row-2{ padding-top : 0px;margin-top : 0px;padding-right : 0px;padding-bottom : 0px;margin-bottom : 0px;padding-left : 0px;}<\/style><\/div><\/p>","protected":false},"excerpt":{"rendered":"","protected":false},"author":3,"featured_media":0,"parent":20,"menu_order":0,"comment_status":"closed","ping_status":"closed","template":"100-width.php","meta":{"footnotes":""},"yoast_head":"<!-- This site is optimized with the Yoast SEO plugin v21.5 - https:\/\/yoast.com\/wordpress\/plugins\/seo\/ -->\n<title>Aktualno\u015bci - Wykrawanie, obr\u00f3bka i ci\u0119cie blach, wycinanie laserowe, gi\u0119cie drutu i profili, spawanie tig i mag - Knioch<\/title>\n<meta name=\"robots\" content=\"noindex, follow\" \/>\n<meta property=\"og:locale\" content=\"de_DE\" \/>\n<meta property=\"og:type\" content=\"article\" \/>\n<meta property=\"og:title\" content=\"Aktualno\u015bci - Wykrawanie, obr\u00f3bka i ci\u0119cie blach, wycinanie laserowe, gi\u0119cie drutu i profili, spawanie tig i mag - Knioch\" \/>\n<meta property=\"og:url\" content=\"https:\/\/knioch.pl\/de\/firma\/aktualnosci\/\" \/>\n<meta property=\"og:site_name\" content=\"Wykrawanie, obr\u00f3bka i ci\u0119cie blach, wycinanie laserowe, gi\u0119cie drutu i profili, spawanie tig i mag - Knioch\" \/>\n<meta property=\"article:modified_time\" content=\"2023-10-11T12:31:53+00:00\" \/>\n<meta name=\"twitter:card\" content=\"summary_large_image\" \/>\n<meta name=\"twitter:label1\" content=\"Gesch\u00e4tzte Lesezeit\" \/>\n\t<meta name=\"twitter:data1\" content=\"3 Minuten\" \/>\n<script type=\"application\/ld+json\" class=\"yoast-schema-graph\">{\"@context\":\"https:\/\/schema.org\",\"@graph\":[{\"@type\":\"WebPage\",\"@id\":\"https:\/\/knioch.pl\/de\/firma\/aktualnosci\/\",\"url\":\"https:\/\/knioch.pl\/de\/firma\/aktualnosci\/\",\"name\":\"Aktualno\u015bci - Wykrawanie, obr\u00f3bka i ci\u0119cie blach, wycinanie laserowe, gi\u0119cie drutu i profili, spawanie tig i mag - Knioch\",\"isPartOf\":{\"@id\":\"https:\/\/knioch.pl\/de\/#website\"},\"datePublished\":\"2021-05-24T11:21:54+00:00\",\"dateModified\":\"2023-10-11T12:31:53+00:00\",\"breadcrumb\":{\"@id\":\"https:\/\/knioch.pl\/de\/firma\/aktualnosci\/#breadcrumb\"},\"inLanguage\":\"de-DE\",\"potentialAction\":[{\"@type\":\"ReadAction\",\"target\":[\"https:\/\/knioch.pl\/de\/firma\/aktualnosci\/\"]}]},{\"@type\":\"BreadcrumbList\",\"@id\":\"https:\/\/knioch.pl\/de\/firma\/aktualnosci\/#breadcrumb\",\"itemListElement\":[{\"@type\":\"ListItem\",\"position\":1,\"name\":\"Home\",\"item\":\"https:\/\/knioch.pl\/\"},{\"@type\":\"ListItem\",\"position\":2,\"name\":\"Firma\",\"item\":\"https:\/\/knioch.pl\/firma\/\"},{\"@type\":\"ListItem\",\"position\":3,\"name\":\"Aktualno\u015bci\"}]},{\"@type\":\"WebSite\",\"@id\":\"https:\/\/knioch.pl\/de\/#website\",\"url\":\"https:\/\/knioch.pl\/de\/\",\"name\":\"Wykrawanie, obr\u00f3bka i ci\u0119cie blach, wycinanie laserowe, gi\u0119cie drutu i profili, spawanie tig i mag - Knioch\",\"description\":\"Z metalu potrafimy zrobi\u0107 wszystko! W naszych procesach wykorzystujemy obr\u00f3bk\u0119 plastyczn\u0105, wycinanie laserowe oraz ci\u0119cie, gi\u0119cie i wykrawanie blach, drut\u00f3w i profili. Specjalizujemy si\u0119 w malowaniu proszkowym oraz w spawaniu mag oraz tig.\",\"potentialAction\":[{\"@type\":\"SearchAction\",\"target\":{\"@type\":\"EntryPoint\",\"urlTemplate\":\"https:\/\/knioch.pl\/de\/?s={search_term_string}\"},\"query-input\":\"required name=search_term_string\"}],\"inLanguage\":\"de-DE\"}]}<\/script>\n<!-- \/ Yoast SEO plugin. -->","yoast_head_json":{"title":"Aktualno\u015bci - Wykrawanie, obr\u00f3bka i ci\u0119cie blach, wycinanie laserowe, gi\u0119cie drutu i profili, spawanie tig i mag - Knioch","robots":{"index":"noindex","follow":"follow"},"og_locale":"de_DE","og_type":"article","og_title":"Aktualno\u015bci - Wykrawanie, obr\u00f3bka i ci\u0119cie blach, wycinanie laserowe, gi\u0119cie drutu i profili, spawanie tig i mag - Knioch","og_url":"https:\/\/knioch.pl\/de\/firma\/aktualnosci\/","og_site_name":"Wykrawanie, obr\u00f3bka i ci\u0119cie blach, wycinanie laserowe, gi\u0119cie drutu i profili, spawanie tig i mag - Knioch","article_modified_time":"2023-10-11T12:31:53+00:00","twitter_card":"summary_large_image","twitter_misc":{"Gesch\u00e4tzte Lesezeit":"3 Minuten"},"schema":{"@context":"https:\/\/schema.org","@graph":[{"@type":"WebPage","@id":"https:\/\/knioch.pl\/de\/firma\/aktualnosci\/","url":"https:\/\/knioch.pl\/de\/firma\/aktualnosci\/","name":"Aktualno\u015bci - Wykrawanie, obr\u00f3bka i ci\u0119cie blach, wycinanie laserowe, gi\u0119cie drutu i profili, spawanie tig i mag - Knioch","isPartOf":{"@id":"https:\/\/knioch.pl\/de\/#website"},"datePublished":"2021-05-24T11:21:54+00:00","dateModified":"2023-10-11T12:31:53+00:00","breadcrumb":{"@id":"https:\/\/knioch.pl\/de\/firma\/aktualnosci\/#breadcrumb"},"inLanguage":"de-DE","potentialAction":[{"@type":"ReadAction","target":["https:\/\/knioch.pl\/de\/firma\/aktualnosci\/"]}]},{"@type":"BreadcrumbList","@id":"https:\/\/knioch.pl\/de\/firma\/aktualnosci\/#breadcrumb","itemListElement":[{"@type":"ListItem","position":1,"name":"Home","item":"https:\/\/knioch.pl\/"},{"@type":"ListItem","position":2,"name":"Firma","item":"https:\/\/knioch.pl\/firma\/"},{"@type":"ListItem","position":3,"name":"Aktualno\u015bci"}]},{"@type":"WebSite","@id":"https:\/\/knioch.pl\/de\/#website","url":"https:\/\/knioch.pl\/de\/","name":"Wykrawanie, obr\u00f3bka i ci\u0119cie blach, wycinanie laserowe, gi\u0119cie drutu i profili, spawanie tig i mag - Knioch","description":"Z metalu potrafimy zrobi\u0107 wszystko! W naszych procesach wykorzystujemy obr\u00f3bk\u0119 plastyczn\u0105, wycinanie laserowe oraz ci\u0119cie, gi\u0119cie i wykrawanie blach, drut\u00f3w i profili. Specjalizujemy si\u0119 w malowaniu proszkowym oraz w spawaniu mag oraz tig.","potentialAction":[{"@type":"SearchAction","target":{"@type":"EntryPoint","urlTemplate":"https:\/\/knioch.pl\/de\/?s={search_term_string}"},"query-input":"required name=search_term_string"}],"inLanguage":"de-DE"}]}},"_links":{"self":[{"href":"https:\/\/knioch.pl\/de\/wp-json\/wp\/v2\/pages\/4439"}],"collection":[{"href":"https:\/\/knioch.pl\/de\/wp-json\/wp\/v2\/pages"}],"about":[{"href":"https:\/\/knioch.pl\/de\/wp-json\/wp\/v2\/types\/page"}],"author":[{"embeddable":true,"href":"https:\/\/knioch.pl\/de\/wp-json\/wp\/v2\/users\/3"}],"replies":[{"embeddable":true,"href":"https:\/\/knioch.pl\/de\/wp-json\/wp\/v2\/comments?post=4439"}],"version-history":[{"count":21,"href":"https:\/\/knioch.pl\/de\/wp-json\/wp\/v2\/pages\/4439\/revisions"}],"predecessor-version":[{"id":5618,"href":"https:\/\/knioch.pl\/de\/wp-json\/wp\/v2\/pages\/4439\/revisions\/5618"}],"up":[{"embeddable":true,"href":"https:\/\/knioch.pl\/de\/wp-json\/wp\/v2\/pages\/20"}],"wp:attachment":[{"href":"https:\/\/knioch.pl\/de\/wp-json\/wp\/v2\/media?parent=4439"}],"curies":[{"name":"wp","href":"https:\/\/api.w.org\/{rel}","templated":true}]}}